{"id":35,"date":"2012-07-31T02:06:57","date_gmt":"2012-07-31T02:06:57","guid":{"rendered":"http:\/\/theme-fusion.com\/avada\/?page_id=35"},"modified":"2016-03-11T11:34:14","modified_gmt":"2016-03-11T11:34:14","slug":"home-version-3","status":"publish","type":"page","link":"https:\/\/santosvieiralda.com\/","title":{"rendered":"In\u00edcio"},"content":{"rendered":"<div id=\"aq-template-wrapper-5383\" class=\"aq-template-wrapper aq_row\"><div id=\"aq-block-5383-1\" class=\"aq-block aq-block-aq_text_block aq_span12 aq-first clearfix\"><div id=\"metaslider-id-5213\" style=\"max-width: 824px;\" class=\"ml-slider-3-20-1 metaslider metaslider-flex metaslider-5213 ml-slider nav-hidden\">\n<div id=\"metaslider_container_5213\">\n<div id=\"metaslider_5213\" class=\"flexslider\">\n<ul aria-live=\"polite\" class=\"slides\">\n<li style=\"display: block; width: 100%;\" class=\"slide-5584 ms-image\"><img src=\"https:\/\/santosvieiralda.com\/wp-content\/uploads\/2014\/01\/certificacao21.jpg\" height=\"253\" width=\"824\" alt=\"\" class=\"slider-5213 slide-5584\" \/><\/li>\n<li style=\"display: none; width: 100%;\" class=\"slide-5715 ms-image\"><img src=\"https:\/\/santosvieiralda.com\/wp-content\/uploads\/2015\/09\/certificacao25.jpg\" height=\"253\" width=\"824\" alt=\"\" class=\"slider-5213 slide-5715\" \/><\/li>\n<\/ul><\/div>\n<\/p><\/div>\n<\/div>\n<\/div><div id=\"aq-block-5383-2\" class=\"aq-block aq-block-homepage_tab aq_span12 aq-first clearfix\">        <div class=\"widget post_list_medium_widget\">\n        \t\t<div class=\"widget_container\">\n\t\t        \n                \n         \t\t<!--tabs-nav -->\n        <ul class=\"tabs-nav home-page-tab-widget\">\n\n            <li class=\"\"><a class=\"title\" href=\"#tab30\">Not\u00edcias<\/a><\/li>\n        <\/ul>\n        <!-- end tabs-nav -->\n        \n        \n                <div class=\"tabs-container\">\n\n            \n                    <div id=\"tab30\" class=\"tab-content homepage-tab-post\">\n                     <ul class=\"home-page-tab post_list_medium\">\n\n                            <li class=\"list_item\">\n                <div class=\"entry-thumb feature-item\">\n                    <a href=\"https:\/\/santosvieiralda.com\/?p=5643\"> \n                        <img class=\"cat-feature-large-img\" src=\"https:\/\/santosvieiralda.com\/wp-content\/uploads\/2014\/03\/Imagem_Art2_-415x280.jpg\" \/>\n<\/a>\n                     <div class=\"cat-feature-large\">\n\t\t\t\t\t         <\/div>\n                \t                   \t\t\t\t\t\t\t                    <\/div>\n                 <h3><a href=\"https:\/\/santosvieiralda.com\/?p=5643\" class=\"title\">Relat\u00f3rio \u00fanico<\/a><\/h3>\n              \n                  \n                     \t                \t\t\t\t\t  <span class=\"review-wrap\">\n\t\t\t\t\t\t <span class=\"review-star-none\">\n                          <span class=\"review-star-inline-none\"><\/span>\n                     <\/span>\n                      <\/span>\n\t\t\t\t\t   \n                       \n<p class=\"post-meta\"><\/p>    <p>O Relat\u00f3rio \u00danico 2016 \u00e9 um relat\u00f3rio anual referente \u00e0 atividade social da empresa. O Relat\u00f3rio \u00danico 2016 refere-se \u00e0 atividade da empresa durante o ano de 2015 e \u00e9 obrigat\u00f3rio ser entregue por todos os empregadores abrangidos pelo C\u00f3digo do Trabalho e respetiva legisla\u00e7\u00e3o. O prazo de entrega do...  <\/p>\n     <div class=\"clear\"><\/div>\n     <\/li>     \n\t\t\t\t\t\t\t\n                            <\/ul><\/div>\n            <\/div>       \n                \n                \n                \n<\/div><\/div> \n         <\/div><div id=\"aq-block-5383-3\" class=\"aq-block aq-block-aq_text_block aq_span6 aq-first clearfix\"><div id=\"metaslider-id-5586\" style=\"max-width: 506px;\" class=\"ml-slider-3-20-1 metaslider metaslider-flex metaslider-5586 ml-slider nav-hidden nav-hidden\">\n<div id=\"metaslider_container_5586\">\n<div id=\"metaslider_5586\" class=\"flexslider\">\n<ul aria-live=\"polite\" class=\"slides\">\n<li style=\"display: block; width: 100%;\" class=\"slide-5587 ms-image\"><a href=\"https:\/\/santosvieiralda.com\/catalogo\/product.php?id_product=603\" target=\"_blank\"><img src=\"https:\/\/santosvieiralda.com\/wp-content\/uploads\/2014\/01\/2500.jpg\" height=\"338\" width=\"506\" alt=\"\" class=\"slider-5586 slide-5587\" \/><\/a><\/li>\n<li style=\"display: none; width: 100%;\" class=\"slide-5589 ms-image\"><a href=\"https:\/\/santosvieiralda.com\/catalogo\/product.php?id_product=607\" target=\"_blank\"><img src=\"https:\/\/santosvieiralda.com\/wp-content\/uploads\/2014\/01\/2501-504x337.jpg\" height=\"338\" width=\"506\" alt=\"\" class=\"slider-5586 slide-5589\" \/><\/a><\/li>\n<li style=\"display: none; width: 100%;\" class=\"slide-5590 ms-image\"><a href=\"https:\/\/santosvieiralda.com\/catalogo\/product.php?id_product=602\" target=\"_blank\"><img src=\"https:\/\/santosvieiralda.com\/wp-content\/uploads\/2014\/01\/2504-504x337.jpg\" height=\"338\" width=\"506\" alt=\"\" class=\"slider-5586 slide-5590\" \/><\/a><\/li>\n<li style=\"display: none; width: 100%;\" class=\"slide-5591 ms-image\"><a href=\"https:\/\/santosvieiralda.com\/catalogo\/product.php?id_product=619\" target=\"_blank\"><img src=\"https:\/\/santosvieiralda.com\/wp-content\/uploads\/2014\/01\/5182.jpg\" height=\"338\" width=\"506\" alt=\"\" class=\"slider-5586 slide-5591\" \/><\/a><\/li>\n<\/ul><\/div>\n<\/p><\/div>\n<\/div>\n<\/div><div id=\"aq-block-5383-4\" class=\"aq-block aq-block-aq_text_block aq_span6  clearfix\"><div id=\"metaslider-id-5585\" style=\"max-width: 506px;\" class=\"ml-slider-3-20-1 metaslider metaslider-flex metaslider-5585 ml-slider nav-hidden nav-hidden nav-hidden\">\n<div id=\"metaslider_container_5585\">\n<div id=\"metaslider_5585\" class=\"flexslider\">\n<ul aria-live=\"polite\" class=\"slides\">\n<li style=\"display: block; width: 100%;\" class=\"slide-5588 ms-image\"><a href=\"https:\/\/santosvieiralda.com\/catalogo\/product.php?id_product=707\" target=\"_blank\"><img src=\"https:\/\/santosvieiralda.com\/wp-content\/uploads\/2014\/01\/2502_web-504x337.jpg\" height=\"338\" width=\"506\" alt=\"\" class=\"slider-5585 slide-5588\" \/><\/a><\/li>\n<li style=\"display: none; width: 100%;\" class=\"slide-5592 ms-image\"><a href=\"https:\/\/santosvieiralda.com\/catalogo\/product.php?id_product=627\" target=\"_blank\"><img src=\"https:\/\/santosvieiralda.com\/wp-content\/uploads\/2014\/01\/3203-51.jpg\" height=\"338\" width=\"506\" alt=\"\" class=\"slider-5585 slide-5592\" \/><\/a><\/li>\n<li style=\"display: none; width: 100%;\" class=\"slide-5593 ms-image\"><a href=\"https:\/\/santosvieiralda.com\/catalogo\/product.php?id_product=626\" target=\"_blank\"><img src=\"https:\/\/santosvieiralda.com\/wp-content\/uploads\/2014\/01\/3204-504x337.jpg\" height=\"338\" width=\"506\" alt=\"\" class=\"slider-5585 slide-5593\" \/><\/a><\/li>\n<li style=\"display: none; width: 100%;\" class=\"slide-5594 ms-image\"><a href=\"https:\/\/santosvieiralda.com\/catalogo\/product.php?id_product=614\" target=\"_blank\"><img src=\"https:\/\/santosvieiralda.com\/wp-content\/uploads\/2014\/01\/4122-3-4-5-64.jpg\" height=\"338\" width=\"506\" alt=\"\" class=\"slider-5585 slide-5594\" \/><\/a><\/li>\n<\/ul><\/div>\n<\/p><\/div>\n<\/div>\n<\/div><div id=\"aq-block-5383-5\" class=\"aq-block aq-block-carousel_post_categories aq_span12 aq-first clearfix\">\t\t\t<div class=\"widget carousel_horizontal\">\n\t\t\t<h3 class=\"widget-title\"><span>Cat\u00e1logo<\/span><\/h3>\t\t\t<div class=\"widget_container\">\n\t\t\t<ul>\n\t\t\t\t<li class=\"feature-postslider-item ajax_block_post\">\n              <div class=\"entry-thumb\"> \n\t\t\t   <a class=\"feature-link\" href=\"https:\/\/santosvieiralda.com\/?p=5256\" title=\"Sinaliza\u00e7\u00e3o\"> \n    <img class=\"cat-feature-large-img\" src=\"https:\/\/santosvieiralda.com\/wp-content\/uploads\/2013\/12\/11-category2-415x250.jpg\" \/>\n\t\t\t\t\t \n\t\t\t\t <\/a> \n                 \n                 \n<div class=\"cat-feature-large\">\n\t\t\t\t\t         <\/div>\n<\/div>\n                                 \n                                 <div class=\"ulpost_title\">\n                               \n                                 <a class=\"title\" href=\"https:\/\/santosvieiralda.com\/?p=5256\" rel=\"bookmark\" title=\"Permanent link to Sinaliza\u00e7\u00e3o\">\n\t\t\t\t\t\t\t\t Sinaliza\u00e7\u00e3o\t\t\t\t\t\t\t\t<\/a>\n                               <div class=\"carousel-bottom\"> \n                              <p class=\"post-meta\"><\/p>                            \n                            \t\t\t\t\t\t\t \n                               <div class=\"clear\"><\/div>\n                               <\/div>\n                               \n                                 <\/div>\n\n\n\n<div class=\"post-info\">\n\t\t\t\t\t<h5 class=\"title_block\"><a class=\"title\" href=\"https:\/\/santosvieiralda.com\/?p=5256\" rel=\"bookmark\" title=\"Permanent link to Sinaliza\u00e7\u00e3o\">Sinaliza\u00e7\u00e3o<\/a><\/h5>\n                    <div class=\"post_desc\">\n                    <p>A Sinaliza\u00e7\u00e3o de Seguran\u00e7a \u00e9 toda a que est\u00e1 relacionada com um objecto, uma actividade ou uma situa\u00e7\u00e3o determinada que fornece uma indica\u00e7\u00e3o ou uma prescri\u00e7\u00e3o relativa \u00e0 seguran\u00e7a no trabalho, por...<\/p>\n                    <\/div>\n\n  \t\t\t\t\t<\/div>\n\n\t\t\n\t\t\t<\/li>\n\t\t\t\t\t<li class=\"feature-postslider-item ajax_block_post\">\n              <div class=\"entry-thumb\"> \n\t\t\t   <a class=\"feature-link\" href=\"https:\/\/santosvieiralda.com\/?p=5253\" title=\"Seguran\u00e7a Contra Inc\u00eandio\"> \n    <img class=\"cat-feature-large-img\" src=\"https:\/\/santosvieiralda.com\/wp-content\/uploads\/2013\/12\/10-category2-415x250.jpg\" \/>\n\t\t\t\t\t \n\t\t\t\t <\/a> \n                 \n                 \n<div class=\"cat-feature-large\">\n\t\t\t\t\t         <\/div>\n<\/div>\n                                 \n                                 <div class=\"ulpost_title\">\n                               \n                                 <a class=\"title\" href=\"https:\/\/santosvieiralda.com\/?p=5253\" rel=\"bookmark\" title=\"Permanent link to Seguran\u00e7a Contra Inc\u00eandio\">\n\t\t\t\t\t\t\t\t Seguran\u00e7a Contra Inc\u00eandio\t\t\t\t\t\t\t\t<\/a>\n                               <div class=\"carousel-bottom\"> \n                              <p class=\"post-meta\"><\/p>                            \n                            \t\t\t\t\t\t\t \n                               <div class=\"clear\"><\/div>\n                               <\/div>\n                               \n                                 <\/div>\n\n\n\n<div class=\"post-info\">\n\t\t\t\t\t<h5 class=\"title_block\"><a class=\"title\" href=\"https:\/\/santosvieiralda.com\/?p=5253\" rel=\"bookmark\" title=\"Permanent link to Seguran\u00e7a Contra Inc\u00eandio\">Seguran\u00e7a Contra Inc\u00eandio<\/a><\/h5>\n                    <div class=\"post_desc\">\n                    <p>O D.L. n.\u00ba220\/2008 e a portaria 1532\/2008, apresentam um conjunto amplo de exig\u00eancias t\u00e9cnicas aplic\u00e1veis \u00e0 seguran\u00e7a contra inc\u00eandio, no que se refere \u00e0 concep\u00e7\u00e3o geral da arquitectura dos edif\u00edcios e...<\/p>\n                    <\/div>\n\n  \t\t\t\t\t<\/div>\n\n\t\t\n\t\t\t<\/li>\n\t\t\t\t\t<li class=\"feature-postslider-item ajax_block_post\">\n              <div class=\"entry-thumb\"> \n\t\t\t   <a class=\"feature-link\" href=\"https:\/\/santosvieiralda.com\/?p=5248\" title=\"Equipamentos de Protec\u00e7\u00e3o Colectiva\"> \n    <img class=\"cat-feature-large-img\" src=\"https:\/\/santosvieiralda.com\/wp-content\/uploads\/2013\/12\/9-category2-415x250.jpg\" \/>\n\t\t\t\t\t \n\t\t\t\t <\/a> \n                 \n                 \n<div class=\"cat-feature-large\">\n\t\t\t\t\t         <\/div>\n<\/div>\n                                 \n                                 <div class=\"ulpost_title\">\n                               \n                                 <a class=\"title\" href=\"https:\/\/santosvieiralda.com\/?p=5248\" rel=\"bookmark\" title=\"Permanent link to Equipamentos de Protec\u00e7\u00e3o Colectiva\">\n\t\t\t\t\t\t\t\t Equipamentos de Protec\u00e7\u00e3o Colectiva\t\t\t\t\t\t\t\t<\/a>\n                               <div class=\"carousel-bottom\"> \n                              <p class=\"post-meta\"><\/p>                            \n                            \t\t\t\t\t\t\t \n                               <div class=\"clear\"><\/div>\n                               <\/div>\n                               \n                                 <\/div>\n\n\n\n<div class=\"post-info\">\n\t\t\t\t\t<h5 class=\"title_block\"><a class=\"title\" href=\"https:\/\/santosvieiralda.com\/?p=5248\" rel=\"bookmark\" title=\"Permanent link to Equipamentos de Protec\u00e7\u00e3o Colectiva\">Equipamentos de Protec\u00e7\u00e3o Colectiva<\/a><\/h5>\n                    <div class=\"post_desc\">\n                    <p>As medidas de protec\u00e7\u00e3o colectiva, atrav\u00e9s dos equipamentos de protec\u00e7\u00e3o colectiva (EPC), devem ter prioridade, conforme determina a legisla\u00e7\u00e3o, uma vez que beneficiam todos os trabalhadores, indistintamente. Os...<\/p>\n                    <\/div>\n\n  \t\t\t\t\t<\/div>\n\n\t\t\n\t\t\t<\/li>\n\t\t\t\t\t<li class=\"feature-postslider-item ajax_block_post\">\n              <div class=\"entry-thumb\"> \n\t\t\t   <a class=\"feature-link\" href=\"https:\/\/santosvieiralda.com\/?p=5245\" title=\"Equipamentos de Protec\u00e7\u00e3o Individual\"> \n    <img class=\"cat-feature-large-img\" src=\"https:\/\/santosvieiralda.com\/wp-content\/uploads\/2013\/12\/8-category2-415x250.jpg\" \/>\n\t\t\t\t\t \n\t\t\t\t <\/a> \n                 \n                 \n<div class=\"cat-feature-large\">\n\t\t\t\t\t         <\/div>\n<\/div>\n                                 \n                                 <div class=\"ulpost_title\">\n                               \n                                 <a class=\"title\" href=\"https:\/\/santosvieiralda.com\/?p=5245\" rel=\"bookmark\" title=\"Permanent link to Equipamentos de Protec\u00e7\u00e3o Individual\">\n\t\t\t\t\t\t\t\t Equipamentos de Protec\u00e7\u00e3o Individual\t\t\t\t\t\t\t\t<\/a>\n                               <div class=\"carousel-bottom\"> \n                              <p class=\"post-meta\"><\/p>                            \n                            \t\t\t\t\t\t\t \n                               <div class=\"clear\"><\/div>\n                               <\/div>\n                               \n                                 <\/div>\n\n\n\n<div class=\"post-info\">\n\t\t\t\t\t<h5 class=\"title_block\"><a class=\"title\" href=\"https:\/\/santosvieiralda.com\/?p=5245\" rel=\"bookmark\" title=\"Permanent link to Equipamentos de Protec\u00e7\u00e3o Individual\">Equipamentos de Protec\u00e7\u00e3o Individual<\/a><\/h5>\n                    <div class=\"post_desc\">\n                    <p>Equipamento de protec\u00e7\u00e3o individual (EPI) \u00e9 todo o equipamento, bem como qualquer complemento ou acess\u00f3rio, destinado a ser utilizado pelo trabalhador para se proteger dos riscos, para a sua seguran\u00e7a e sa\u00fade (in...<\/p>\n                    <\/div>\n\n  \t\t\t\t\t<\/div>\n\n\t\t\n\t\t\t<\/li>\n\t\t<\/ul><\/div><\/div><\/div><div id=\"aq-block-5383-6\" class=\"aq-block aq-block-aq_text_block aq_span12 aq-first clearfix\"><p><!--[mp3j track=\"http:\/\/santosvieiralda.com\/wp-content\/uploads\/2014\/12\/Christmasxxxx.mp3\"]--><\/p>\n<\/div><\/div>\n","protected":false},"excerpt":{"rendered":"","protected":false},"author":1,"featured_media":0,"parent":0,"menu_order":1,"comment_status":"open","ping_status":"open","template":"home-page_001.php","meta":[],"_links":{"self":[{"href":"https:\/\/santosvieiralda.com\/index.php?rest_route=\/wp\/v2\/pages\/35"}],"collection":[{"href":"https:\/\/santosvieiralda.com\/index.php?rest_route=\/wp\/v2\/pages"}],"about":[{"href":"https:\/\/santosvieiralda.com\/index.php?rest_route=\/wp\/v2\/types\/page"}],"author":[{"embeddable":true,"href":"https:\/\/santosvieiralda.com\/index.php?rest_route=\/wp\/v2\/users\/1"}],"replies":[{"embeddable":true,"href":"https:\/\/santosvieiralda.com\/index.php?rest_route=%2Fwp%2Fv2%2Fcomments&post=35"}],"version-history":[{"count":89,"href":"https:\/\/santosvieiralda.com\/index.php?rest_route=\/wp\/v2\/pages\/35\/revisions"}],"predecessor-version":[{"id":5662,"href":"https:\/\/santosvieiralda.com\/index.php?rest_route=\/wp\/v2\/pages\/35\/revisions\/5662"}],"wp:attachment":[{"href":"https:\/\/santosvieiralda.com\/index.php?rest_route=%2Fwp%2Fv2%2Fmedia&parent=35"}],"curies":[{"name":"wp","href":"https:\/\/api.w.org\/{rel}","templated":true}]}}