{"id":4270,"date":"2013-09-01T13:23:07","date_gmt":"2013-09-01T13:23:07","guid":{"rendered":"https:\/\/santosvieiralda.com\/?page_id=4270"},"modified":"2014-01-03T17:54:37","modified_gmt":"2014-01-03T17:54:37","slug":"links-2","status":"publish","type":"page","link":"https:\/\/santosvieiralda.com\/?page_id=4270","title":{"rendered":"Links"},"content":{"rendered":"<div class=\"aq-template-wrapper aq_row\"><div class=\"aq_span4 clearfix aq-first\"><img loading=\"lazy\" class=\"aligncenter size-medium wp-image-5332\" alt=\"links1\" src=\"http:\/\/santosvieiralda.com\/wp-content\/uploads\/2013\/09\/links11-300x154.jpg\" width=\"300\" height=\"154\" srcset=\"https:\/\/santosvieiralda.com\/wp-content\/uploads\/2013\/09\/links11-300x154.jpg 300w, https:\/\/santosvieiralda.com\/wp-content\/uploads\/2013\/09\/links11.jpg 700w\" sizes=\"(max-width: 300px) 100vw, 300px\" \/><\/div><div class=\"aq_span4 clearfix \"><img loading=\"lazy\" class=\"aligncenter size-medium wp-image-5333\" alt=\"links2\" src=\"http:\/\/santosvieiralda.com\/wp-content\/uploads\/2013\/09\/links21-300x154.jpg\" width=\"300\" height=\"154\" srcset=\"https:\/\/santosvieiralda.com\/wp-content\/uploads\/2013\/09\/links21-300x154.jpg 300w, https:\/\/santosvieiralda.com\/wp-content\/uploads\/2013\/09\/links21.jpg 700w\" sizes=\"(max-width: 300px) 100vw, 300px\" \/><\/div><div class=\"aq_span4 clearfix \"><img loading=\"lazy\" class=\"aligncenter size-medium wp-image-5334\" alt=\"links3\" src=\"http:\/\/santosvieiralda.com\/wp-content\/uploads\/2013\/09\/links31-300x154.jpg\" width=\"300\" height=\"154\" srcset=\"https:\/\/santosvieiralda.com\/wp-content\/uploads\/2013\/09\/links31-300x154.jpg 300w, https:\/\/santosvieiralda.com\/wp-content\/uploads\/2013\/09\/links31.jpg 700w\" sizes=\"(max-width: 300px) 100vw, 300px\" \/><\/div><\/div>\n<p>Pretendemos apresentar neste espa\u00e7o alguns links que consideramos \u00fateis quer a n\u00edvel nacional e Europeu nesta mat\u00e9ria.<\/p>\n<p>Explore este espa\u00e7o e envie-nos tamb\u00e9m sugest\u00f5es para <a href=\"mailto:geral@santosvieiralda.com\">geral@santosvieiralda.com<\/a><\/p>\n<p>Medicina, Higiene e Seguran\u00e7a no Trabalho<a id=\"MedicinaHigieneeSeguran\u00e7anoTrabalho\" name=\"MedicinaHigieneeSeguran\u00e7anoTrabalho\"><\/a><\/p>\n<ul>\n<li><a href=\"http:\/\/www.act.gov.pt\/%28pt-PT%29\/Paginas\/default.aspx\" target=\"_new\">A.C.T. &#8211; Autoridade para as Condi\u00e7\u00f5es do Trabalho.<\/a><\/li>\n<li><a href=\"https:\/\/www.ordemdosmedicos.pt\/\" target=\"_new\">Ordem dos m\u00e9dicos<\/a><\/li>\n<\/ul>\n<p>Higiene e Seguran\u00e7a Alimentar<a id=\"HigieneeSeguran\u00e7aAlimentar\" name=\"HigieneeSeguran\u00e7aAlimentar\"><\/a><\/p>\n<ul>\n<li><a href=\"http:\/\/www.asae.pt\/\" target=\"_new\">Autoridade de Seguran\u00e7a Alimentar e Econ\u00f3mica<\/a><\/li>\n<li><a href=\"http:\/\/osha.europa.eu\/en\/\" target=\"_new\">Ag\u00eancia Europeia para a Seguran\u00e7a Higiene e Sa\u00fade no Trabalho<\/a><\/li>\n<\/ul>\n<p>&nbsp;<\/p>\n<h4>Outros Links:<\/h4>\n<p style=\"padding-left: 30px;\"><i class=\"icon-link\" style=\"font-size:14px\"><\/i> <a href=\"http:\/\/www.dgs.pt\/\" target=\"_new\">Direc\u00e7\u00e3o Geral de Sa\u00fade<\/a><\/p>\n<p style=\"padding-left: 30px;\"><i class=\"icon-link\" style=\"font-size:14px\"><\/i> <a href=\"http:\/\/www.igae.cv\/\" target=\"_new\">Inspec\u00e7\u00e3o Geral das Actividades Econ\u00f3micas<\/a><\/p>\n<p style=\"padding-left: 30px;\"><i class=\"icon-link\" style=\"font-size:14px\"><\/i> <a href=\"http:\/\/www.ipq.pt\/\" target=\"_new\">Instituto Portugu\u00eas da Qualidade<\/a><\/p>\n<p style=\"padding-left: 30px;\"><i class=\"icon-link\" style=\"font-size:14px\"><\/i> <a href=\"http:\/\/www.min-saude.pt\/portal\" target=\"_new\">Minist\u00e9rio da Sa\u00fade<\/a><\/p>\n<p style=\"padding-left: 30px;\"><i class=\"icon-link\" style=\"font-size:14px\"><\/i>\u00a0<a href=\"http:\/\/www.iso.org\/iso\/home.html\" target=\"_new\">ISO &#8211; International Organization for Standardization<\/a><\/p>\n<p style=\"padding-left: 30px;\"><i class=\"icon-link\" style=\"font-size:14px\"><\/i> <a href=\"http:\/\/www.ilo.org\/global\/\" target=\"_new\">Organiza\u00e7\u00e3o Internacional do Trabalho<\/a><\/p>\n<p style=\"padding-left: 30px;\"><i class=\"icon-link\" style=\"font-size:14px\"><\/i> <a href=\"http:\/\/www.who.int\/en\/\" target=\"_new\">Organiza\u00e7\u00e3o Mundial de Sa\u00fade<\/a><\/p>\n<p style=\"padding-left: 30px;\"><i class=\"icon-link\" style=\"font-size:14px\"><\/i> <a href=\"http:\/\/www.dgert.mtss.gov.pt\/\" target=\"_new\">Minist\u00e9rio do trabalho e da solidariedade social<\/a><\/p>\n<p style=\"padding-left: 30px;\"><i class=\"icon-link\" style=\"font-size:14px\"><\/i> <a href=\"http:\/\/www1.seg-social.pt\/\" target=\"_new\">Seguran\u00e7a Social<\/a><a href=\"http:\/\/www.igfse.pt\/\" target=\"_new\">Instituto de Gest\u00e3o do Fundo Social Europeu<\/a><a href=\"http:\/\/ec.europa.eu\/ploteus\/home.jsp?language=pt\" target=\"_new\">PLOTEUS<\/a> &#8211; Portal Europeu sobre oportunidades de educa\u00e7\u00e3o e forma\u00e7\u00e3o.<\/p>\n<div style=\"padding-left: 30px;\" align=\"justify\"><i class=\"icon-link\" style=\"font-size:14px\"><\/i> <a href=\"http:\/\/qren.pt\/\" target=\"_new\">QREN<\/a> &#8211; Quadro de Refer\u00eancia Estrat\u00e9gico Nacional 2007-2013 &#8211; &#8220;Assume como grande des\u00edgnio estrat\u00e9gico a qualifica\u00e7\u00e3o dos portugueses e das portuguesas, valorizando o conhecimento, a ci\u00eancia, a tecnologia e a inova\u00e7\u00e3o, bem como a promo\u00e7\u00e3o de n\u00edveis elevados e sustentados de desenvolvimento econ\u00f3mico e s\u00f3cio-cultural e de qualifica\u00e7\u00e3o territorial,num quadro de valoriza\u00e7\u00e3o da igualdade de oportunidades e, bem assim, do aumento da efici\u00eancia e qualidade das institui\u00e7\u00f5es p\u00fablicas&#8221;.<\/div>\n<div style=\"padding-left: 30px;\" align=\"justify\"><i class=\"icon-link\" style=\"font-size:14px\"><\/i> <a href=\"http:\/\/ec.europa.eu\/employment_social\/esf\/index_pt.htm\" target=\"_new\">Fundo Social Europeu<\/a> &#8211; Novo s\u00edtio do FSE, dispon\u00edvel em 23 l\u00ednguas, onde poder\u00e3o encontrar um mapa interactivo, que fornece informa\u00e7\u00e3o sobre o apoio financeiro disponibilizado a cada pa\u00eds e as possibilidades de aplica\u00e7\u00f5es, bem como estudos de caso sobre o impacto do FSE no aumento da empregabilidade das pessoas.<\/div>\n<div style=\"padding-left: 30px;\" align=\"justify\"><i class=\"icon-link\" style=\"font-size:14px\"><\/i> <a href=\"http:\/\/www.dre.pt\/\" target=\"_new\">Di\u00e1rio da Rep\u00fablica<\/a><\/div>\n<div style=\"padding-left: 30px;\" align=\"justify\"><i class=\"icon-link\" style=\"font-size:14px\"><\/i> <a href=\"http:\/\/www.gep.mtss.gov.pt\/\" target=\"_new\">Gabinete de Estrat\u00e9gia e Planeamento<\/a><\/div>\n","protected":false},"excerpt":{"rendered":"<p>Pretendemos apresentar neste espa\u00e7o alguns links que consideramos \u00fateis quer a n\u00edvel nacional e Europeu nesta mat\u00e9ria. Explore este espa\u00e7o e envie-nos tamb\u00e9m sugest\u00f5es para geral@santosvieiralda.com Medicina, Higiene e Seguran\u00e7a no Trabalho A.C.T. &#8211; Autoridade para as Condi\u00e7\u00f5es do Trabalho. Ordem dos m\u00e9dicos Higiene e Seguran\u00e7a Alimentar Autoridade de Seguran\u00e7a Alimentar e Econ\u00f3mica Ag\u00eancia Europeia [&hellip;]<\/p>\n","protected":false},"author":1,"featured_media":0,"parent":0,"menu_order":3,"comment_status":"open","ping_status":"open","template":"","meta":[],"_links":{"self":[{"href":"https:\/\/santosvieiralda.com\/index.php?rest_route=\/wp\/v2\/pages\/4270"}],"collection":[{"href":"https:\/\/santosvieiralda.com\/index.php?rest_route=\/wp\/v2\/pages"}],"about":[{"href":"https:\/\/santosvieiralda.com\/index.php?rest_route=\/wp\/v2\/types\/page"}],"author":[{"embeddable":true,"href":"https:\/\/santosvieiralda.com\/index.php?rest_route=\/wp\/v2\/users\/1"}],"replies":[{"embeddable":true,"href":"https:\/\/santosvieiralda.com\/index.php?rest_route=%2Fwp%2Fv2%2Fcomments&post=4270"}],"version-history":[{"count":8,"href":"https:\/\/santosvieiralda.com\/index.php?rest_route=\/wp\/v2\/pages\/4270\/revisions"}],"predecessor-version":[{"id":5554,"href":"https:\/\/santosvieiralda.com\/index.php?rest_route=\/wp\/v2\/pages\/4270\/revisions\/5554"}],"wp:attachment":[{"href":"https:\/\/santosvieiralda.com\/index.php?rest_route=%2Fwp%2Fv2%2Fmedia&parent=4270"}],"curies":[{"name":"wp","href":"https:\/\/api.w.org\/{rel}","templated":true}]}}