{"id":4537,"date":"2013-09-05T13:22:56","date_gmt":"2013-09-05T13:22:56","guid":{"rendered":"https:\/\/santosvieiralda.com\/?page_id=4537"},"modified":"2014-01-01T11:26:58","modified_gmt":"2014-01-01T11:26:58","slug":"agentes-fisicos","status":"publish","type":"page","link":"https:\/\/santosvieiralda.com\/?page_id=4537","title":{"rendered":"Agentes F\u00edsicos"},"content":{"rendered":"<div class=\"aq-template-wrapper aq_row\"><div class=\"aq_span4 clearfix aq-first\"><img loading=\"lazy\" class=\"aligncenter size-medium wp-image-5237\" alt=\"legi1\" src=\"http:\/\/santosvieiralda.com\/wp-content\/uploads\/2013\/09\/legi11-300x154.jpg\" width=\"300\" height=\"154\" srcset=\"https:\/\/santosvieiralda.com\/wp-content\/uploads\/2013\/09\/legi11-300x154.jpg 300w, https:\/\/santosvieiralda.com\/wp-content\/uploads\/2013\/09\/legi11.jpg 700w\" sizes=\"(max-width: 300px) 100vw, 300px\" \/><\/div><div class=\"aq_span4 clearfix \"><img loading=\"lazy\" class=\"aligncenter size-medium wp-image-5238\" alt=\"legi2\" src=\"http:\/\/santosvieiralda.com\/wp-content\/uploads\/2013\/09\/legi21-300x154.jpg\" width=\"300\" height=\"154\" srcset=\"https:\/\/santosvieiralda.com\/wp-content\/uploads\/2013\/09\/legi21-300x154.jpg 300w, https:\/\/santosvieiralda.com\/wp-content\/uploads\/2013\/09\/legi21.jpg 700w\" sizes=\"(max-width: 300px) 100vw, 300px\" \/><\/div><div class=\"aq_span4 clearfix \"><img loading=\"lazy\" class=\"aligncenter size-medium wp-image-5239\" alt=\"legi3\" src=\"http:\/\/santosvieiralda.com\/wp-content\/uploads\/2013\/09\/legi31-300x154.jpg\" width=\"300\" height=\"154\" srcset=\"https:\/\/santosvieiralda.com\/wp-content\/uploads\/2013\/09\/legi31-300x154.jpg 300w, https:\/\/santosvieiralda.com\/wp-content\/uploads\/2013\/09\/legi31.jpg 700w\" sizes=\"(max-width: 300px) 100vw, 300px\" \/><\/div><\/div>\n<p><strong>Declara\u00e7\u00e3o de Retifica\u00e7\u00e3o n\u00ba 33\/2010, de 27 de Outubro de 2010<\/strong><\/p>\n<p align=\"justify\">Rectifica a Lei n.\u00ba 25\/2010, de 30 de Agosto, que estabelece as prescri\u00e7\u00f5es m\u00ednimas para protec\u00e7\u00e3o dos trabalhadores contra os riscos para a sa\u00fade e a seguran\u00e7a devidos \u00e0 exposi\u00e7\u00e3o, durante o trabalho, a radia\u00e7\u00f5es \u00f3pticas de fontes artificiais, transpondo a Directiva n.\u00ba 2006\/25\/CE, do Parlamento Eur (&#8230;)<\/p>\n<p align=\"justify\"><strong>Lei n\u00ba 25\/2010, de 30 de Agosto de 2010<\/strong><\/p>\n<p align=\"justify\">Estabelece as prescri\u00e7\u00f5es m\u00ednimas para protec\u00e7\u00e3o dos trabalhadores contra os riscos para a sa\u00fade e a seguran\u00e7a devidos \u00e0 exposi\u00e7\u00e3o, durante o trabalho, a radia\u00e7\u00f5es \u00f3pticas de fontes artificiais, transpondo a Directiva n.\u00ba 2006\/25\/CE, do Parlamento Europeu e do Conselho, de 5 de Abril.<\/p>\n<p align=\"justify\"><strong>Decreto Legislativo Regional n\u00ba 23\/2010\/A, de 30 de Junho de 2010<\/strong><\/p>\n<p align=\"justify\">Aprova o regulamento geral de ru\u00eddo e de controlo da polui\u00e7\u00e3o sonora e transp\u00f5e para a ordem jur\u00eddica regional a Directiva n.\u00ba 2002\/49\/CE, do Parlamento Europeu e do Conselho, de 25 de Junho, relativa \u00e0 avalia\u00e7\u00e3o e gest\u00e3o do ru\u00eddo ambiente, a Directiva n.\u00ba 2002\/30\/CE, do Parlamento Europeu e do Conse (&#8230;)<\/p>\n<p align=\"justify\"><strong>Decreto-Lei n\u00ba 96\/2008, de 9 de Junho de 2008<\/strong><\/p>\n<p align=\"justify\">Procede \u00e0 primeira altera\u00e7\u00e3o ao Decreto-Lei n.\u00ba 129\/2002 de 11 de Maio, que aprova o Regulamento dos Requisitos Ac\u00fasticos dos Edif\u00edcios.<\/p>\n<p align=\"justify\"><strong>Decreto-Lei n\u00ba 278\/2007, de 1 de Agosto de 2007<\/strong><\/p>\n<p align=\"justify\">Altera o Decreto-Lei n\u00ba 9\/2007, de 17 de Janeiro, que aprova o Regulamento Geral do Ru\u00eddo.<\/p>\n<p align=\"justify\"><strong>Declara\u00e7\u00e3o de Rectifica\u00e7\u00e3o n\u00ba 18\/2007, de 16 de Mar\u00e7o de 2007<\/strong><\/p>\n<p align=\"justify\">De ter sido rectificado o Decreto-Lei n.\u00ba 9\/2007 do Minist\u00e9rio do Ambiente, do Ordenamento do Territ\u00f3rio e do Desenvolvimento Regional, que aprova o Regulamento Geral do Ru\u00eddo e revoga o regime legal da polui\u00e7\u00e3o sonora, aprovado pelo Decreto-Lei n.\u00ba 292\/2000 de 14 de Novembro, publicado no Di\u00e1rio da (&#8230;)<\/p>\n<p align=\"justify\"><strong>Decreto-Lei n\u00ba 9\/2007, de 17 de Janeiro de 2007<\/strong><\/p>\n<p align=\"justify\">Aprova o regulamento Geral do ru\u00eddo e revoga o regime legal da polui\u00e7\u00e3o sonora, aprovado pelo Decreto-Lei n\u00ba 292\/2000, de 14 de Novembro.<\/p>\n<p align=\"justify\"><strong>Decreto-lei n\u00ba 221\/2006, de 8 de Novembro de 2006<\/strong><\/p>\n<p align=\"justify\">Transp\u00f5e para a ordem jur\u00eddica interna a Directiva n.\u00ba 2005\/88\/CE, do Parlamento Europeu e do Conselho, de 14 de Dezembro, que altera a Directiva n.\u00ba 2000\/14\/CE, relativa \u00e0 aproxima\u00e7\u00e3o das legisla\u00e7\u00f5es dos Estados membros em mat\u00e9ria de emiss\u00f5es sonoras para o ambiente dos equipamentos para utiliza\u00e7\u00e3o (&#8230;)<\/p>\n<p align=\"justify\"><strong>Decreto-Lei n\u00ba 182\/2006, de 6 de Setembro de 2006<\/strong><\/p>\n<p align=\"justify\">Transp\u00f5e para a ordem jur\u00eddica interna a Directiva n.\u00ba 2003\/10\/CE, do Parlamento Europeu e do Conselho, de 6 de Fevereiro, relativa \u00e0s prescri\u00e7\u00f5es m\u00ednimas de seguran\u00e7a e de sa\u00fade em mat\u00e9ria de exposi\u00e7\u00e3o dos trabalhadores aos riscos devidos aos agentes f\u00edsicos (ru\u00eddo).<\/p>\n<p align=\"justify\"><strong>Declara\u00e7\u00e3o de Rectifica\u00e7\u00e3o n\u00ba 57\/2006, de 31 de Agosto de 2006<\/strong><\/p>\n<p align=\"justify\">De ter sido rectificado o Decreto-Lei n.\u00ba 146\/2006 que transp\u00f5e para a ordem jur\u00eddica interna a Directiva n.\u00ba 2002\/49\/CE, do Parlamento Europeu e do Conselho, de 25 de Junho, relativa \u00e0 avalia\u00e7\u00e3o e gest\u00e3o do ru\u00eddo ambiente, publicado no Di\u00e1rio da Rep\u00fablica, 1.\u00aa s\u00e9rie, n.\u00ba 146, de 31 de Julho de 2006. (&#8230;)<\/p>\n<p align=\"justify\"><strong>Decreto-Lei n\u00ba 146\/2006, de 31 de Julho de 2006<\/strong><\/p>\n<p align=\"justify\">Transp\u00f5e para a ordem jur\u00eddica interna a Directiva n.\u00ba 2002\/49\/CE, do Parlamento Europeu e do Conselho, de 25 de Junho, relativa \u00e0 avalia\u00e7\u00e3o e gest\u00e3o do ru\u00eddo ambiente.<\/p>\n<p align=\"justify\"><strong>Decreto-Lei n\u00ba 46\/2006, de 24 de Fevereiro de 2006<\/strong><\/p>\n<p align=\"justify\">Transp\u00f5e para a ordem jur\u00eddica nacional a Directiva n.\u00ba 2002\/44\/CE, do Parlamento Europeu e do Conselho, de 25 de Junho, relativa \u00e0s prescri\u00e7\u00f5es m\u00ednimas de protec\u00e7\u00e3o da sa\u00fade e seguran\u00e7a dos trabalhadores em caso de exposi\u00e7\u00e3o aos riscos devidos a agentes f\u00edsicos (vibra\u00e7\u00f5es).<\/p>\n<p align=\"justify\"><strong>Decreto-Lei n\u00ba 129\/2002, de 11 de Junho de 2002<\/strong><\/p>\n<p align=\"justify\">Aprova o Regulamento dos Requisitos Ac\u00fasticos dos Edif\u00edcios.<\/p>\n<p align=\"justify\"><strong>Decreto-Lei n\u00ba 740\/74, de 26 de Dezembro de 1974<\/strong><\/p>\n<div align=\"justify\">Aprova os Regulamentos de Seguran\u00e7a de Instala\u00e7\u00f5es de Utiliza\u00e7\u00e3o de Energia El\u00e9ctrica e de Instala\u00e7\u00f5es Colectivas de Edif\u00edcios e Entradas.<\/div>\n","protected":false},"excerpt":{"rendered":"<p>Declara\u00e7\u00e3o de Retifica\u00e7\u00e3o n\u00ba 33\/2010, de 27 de Outubro de 2010 Rectifica a Lei n.\u00ba 25\/2010, de 30 de Agosto, que estabelece as prescri\u00e7\u00f5es m\u00ednimas para protec\u00e7\u00e3o dos trabalhadores contra os riscos para a sa\u00fade e a seguran\u00e7a devidos \u00e0 exposi\u00e7\u00e3o, durante o trabalho, a radia\u00e7\u00f5es \u00f3pticas de fontes artificiais, transpondo a Directiva n.\u00ba 2006\/25\/CE, [&hellip;]<\/p>\n","protected":false},"author":1,"featured_media":0,"parent":0,"menu_order":0,"comment_status":"open","ping_status":"open","template":"","meta":[],"_links":{"self":[{"href":"https:\/\/santosvieiralda.com\/index.php?rest_route=\/wp\/v2\/pages\/4537"}],"collection":[{"href":"https:\/\/santosvieiralda.com\/index.php?rest_route=\/wp\/v2\/pages"}],"about":[{"href":"https:\/\/santosvieiralda.com\/index.php?rest_route=\/wp\/v2\/types\/page"}],"author":[{"embeddable":true,"href":"https:\/\/santosvieiralda.com\/index.php?rest_route=\/wp\/v2\/users\/1"}],"replies":[{"embeddable":true,"href":"https:\/\/santosvieiralda.com\/index.php?rest_route=%2Fwp%2Fv2%2Fcomments&post=4537"}],"version-history":[{"count":2,"href":"https:\/\/santosvieiralda.com\/index.php?rest_route=\/wp\/v2\/pages\/4537\/revisions"}],"predecessor-version":[{"id":5271,"href":"https:\/\/santosvieiralda.com\/index.php?rest_route=\/wp\/v2\/pages\/4537\/revisions\/5271"}],"wp:attachment":[{"href":"https:\/\/santosvieiralda.com\/index.php?rest_route=%2Fwp%2Fv2%2Fmedia&parent=4537"}],"curies":[{"name":"wp","href":"https:\/\/api.w.org\/{rel}","templated":true}]}}