{"id":4541,"date":"2013-09-05T13:25:31","date_gmt":"2013-09-05T13:25:31","guid":{"rendered":"https:\/\/santosvieiralda.com\/?page_id=4541"},"modified":"2014-01-01T11:28:11","modified_gmt":"2014-01-01T11:28:11","slug":"comercio-escritorios-e-servicos","status":"publish","type":"page","link":"https:\/\/santosvieiralda.com\/?page_id=4541","title":{"rendered":"Com\u00e9rcio, Escrit\u00f3rios e Servi\u00e7os"},"content":{"rendered":"<div class=\"aq-template-wrapper aq_row\"><div class=\"aq_span4 clearfix aq-first\"><img loading=\"lazy\" class=\"aligncenter size-medium wp-image-5237\" alt=\"legi1\" src=\"http:\/\/santosvieiralda.com\/wp-content\/uploads\/2013\/09\/legi11-300x154.jpg\" width=\"300\" height=\"154\" srcset=\"https:\/\/santosvieiralda.com\/wp-content\/uploads\/2013\/09\/legi11-300x154.jpg 300w, https:\/\/santosvieiralda.com\/wp-content\/uploads\/2013\/09\/legi11.jpg 700w\" sizes=\"(max-width: 300px) 100vw, 300px\" \/><\/div><div class=\"aq_span4 clearfix \"><img loading=\"lazy\" class=\"aligncenter size-medium wp-image-5238\" alt=\"legi2\" src=\"http:\/\/santosvieiralda.com\/wp-content\/uploads\/2013\/09\/legi21-300x154.jpg\" width=\"300\" height=\"154\" srcset=\"https:\/\/santosvieiralda.com\/wp-content\/uploads\/2013\/09\/legi21-300x154.jpg 300w, https:\/\/santosvieiralda.com\/wp-content\/uploads\/2013\/09\/legi21.jpg 700w\" sizes=\"(max-width: 300px) 100vw, 300px\" \/><\/div><div class=\"aq_span4 clearfix \"><img loading=\"lazy\" class=\"aligncenter size-medium wp-image-5239\" alt=\"legi3\" src=\"http:\/\/santosvieiralda.com\/wp-content\/uploads\/2013\/09\/legi31-300x154.jpg\" width=\"300\" height=\"154\" srcset=\"https:\/\/santosvieiralda.com\/wp-content\/uploads\/2013\/09\/legi31-300x154.jpg 300w, https:\/\/santosvieiralda.com\/wp-content\/uploads\/2013\/09\/legi31.jpg 700w\" sizes=\"(max-width: 300px) 100vw, 300px\" \/><\/div><\/div>\n<p align=\"justify\"><strong>Despacho n\u00ba 10906\/2009, de 29 de Abril de 2009<\/strong><\/p>\n<p align=\"justify\">Delega, no \u00e2mbito do regime jur\u00eddico de instala\u00e7\u00e3o e de modifica\u00e7\u00e3o dos estabelecimentos de com\u00e9rcio a retalho e dos conjuntos comerciais, nas Direc\u00e7\u00f5es Regionais de Economia (DRE) territorialmente competentes a coordena\u00e7\u00e3o do processo de autoriza\u00e7\u00e3o de instala\u00e7\u00e3o e de modifica\u00e7\u00e3o, incluindo o apoio (&#8230;)<\/p>\n<p align=\"justify\"><strong>Portaria n\u00ba 418\/2009, de 16 de Abril de 2009<\/strong><\/p>\n<p align=\"justify\">Fixa a metodologia para a determina\u00e7\u00e3o da valia do projecto (VP) para efeitos de avalia\u00e7\u00e3o e pontua\u00e7\u00e3o dos projectos de instala\u00e7\u00e3o e modifica\u00e7\u00e3o dos estabelecimentos de com\u00e9rcio alimentar e misto, de com\u00e9rcio n\u00e3o alimentar e de conjuntos comerciais a que se refere o art. 10\u00ba do Decreto-Lei n\u00ba 21\/2009 (&#8230;)<\/p>\n<p align=\"justify\"><strong>Portaria n\u00ba 417\/2009, de 16 de Abril de 2009<\/strong><\/p>\n<p align=\"justify\">Estabelece as regras de funcionamento das Comiss\u00f5es de Autoriza\u00e7\u00e3o Comercial (COMAC) a que se refere o art. 11\u00ba do Decreto-Lei n\u00ba 21\/2009, de 19 de Janeiro.<\/p>\n<p align=\"justify\"><strong>Decreto-Lei n\u00ba 21\/2009, de 19 de Janeiro de 2009<\/strong><\/p>\n<p align=\"justify\">Estabelece o regime jur\u00eddico de instala\u00e7\u00e3o e de modifica\u00e7\u00e3o dos estabelecimentos de com\u00e9rcio a retalho e dos conjuntos comerciais, no uso da autoriza\u00e7\u00e3o legislativa concedida pela Lei n\u00ba 42\/2008, de 27 de Agosto.<\/p>\n<p align=\"justify\"><strong>Decreto Regulamentar n\u00ba 20\/2008, de 27 de Novembro de 2008<\/strong><\/p>\n<p align=\"justify\">Estabelecimento de restaura\u00e7\u00e3o ou de bebidas &#8211; requisitos espec\u00edficos relativos \u00e0s instala\u00e7\u00f5es, funcionamento e regime de classifica\u00e7\u00e3o.<\/p>\n<p align=\"justify\"><strong>Decreto-Lei n\u00ba 234\/2007, de 19 de Junho de 2007<\/strong><\/p>\n<p align=\"justify\">Aprova o novo regime de instala\u00e7\u00e3o e funcionamento dos estabelecimentos de restaura\u00e7\u00e3o e bebidas e revoga o Decreto-Lei n\u00ba 168\/97, de 4 de Julho.<\/p>\n<p align=\"justify\"><strong>Decreto-Lei n\u00ba 259\/2007, de 17 de Julho de 2007<\/strong><\/p>\n<p align=\"justify\">Aprova o regime de declara\u00e7\u00e3o pr\u00e9via a que est\u00e3o sujeitos os estabelecimentos de com\u00e9rcio de produtos alimentares e alguns estabelecimentos de com\u00e9rcio n\u00e3o alimentares e de presta\u00e7\u00e3o de servi\u00e7os que podem envolver riscos para a sa\u00fade e seguran\u00e7a das pessoas.<\/p>\n<p align=\"justify\"><strong>Decreto-Lei n\u00ba 243\/86, de 20 de Agosto de 1986<\/strong><\/p>\n<p align=\"justify\">Aprova o Regulamento Geral de Higiene e Seguran\u00e7a do Trabalho nos Estabelecimentos Comerciais, de Escrit\u00f3rio e Servi\u00e7os.<\/p>\n<p align=\"justify\"><strong>Resolu\u00e7\u00e3o do Conselho de Ministros n\u00ba 2\/88, de 6 de Janeiro de 1988<\/strong><\/p>\n<div align=\"justify\">Estabelece medidas relativas \u00e0 implementa\u00e7\u00e3o do Regulamento Geral de Higiene e Seguran\u00e7a do trabalho nos estabelecimentos comerciais, de escrit\u00f3rio e servi\u00e7os da Administra\u00e7\u00e3o P\u00fablica.<\/div>\n","protected":false},"excerpt":{"rendered":"<p>Despacho n\u00ba 10906\/2009, de 29 de Abril de 2009 Delega, no \u00e2mbito do regime jur\u00eddico de instala\u00e7\u00e3o e de modifica\u00e7\u00e3o dos estabelecimentos de com\u00e9rcio a retalho e dos conjuntos comerciais, nas Direc\u00e7\u00f5es Regionais de Economia (DRE) territorialmente competentes a coordena\u00e7\u00e3o do processo de autoriza\u00e7\u00e3o de instala\u00e7\u00e3o e de modifica\u00e7\u00e3o, incluindo o apoio (&#8230;) Portaria n\u00ba [&hellip;]<\/p>\n","protected":false},"author":1,"featured_media":0,"parent":0,"menu_order":0,"comment_status":"open","ping_status":"open","template":"","meta":[],"_links":{"self":[{"href":"https:\/\/santosvieiralda.com\/index.php?rest_route=\/wp\/v2\/pages\/4541"}],"collection":[{"href":"https:\/\/santosvieiralda.com\/index.php?rest_route=\/wp\/v2\/pages"}],"about":[{"href":"https:\/\/santosvieiralda.com\/index.php?rest_route=\/wp\/v2\/types\/page"}],"author":[{"embeddable":true,"href":"https:\/\/santosvieiralda.com\/index.php?rest_route=\/wp\/v2\/users\/1"}],"replies":[{"embeddable":true,"href":"https:\/\/santosvieiralda.com\/index.php?rest_route=%2Fwp%2Fv2%2Fcomments&post=4541"}],"version-history":[{"count":2,"href":"https:\/\/santosvieiralda.com\/index.php?rest_route=\/wp\/v2\/pages\/4541\/revisions"}],"predecessor-version":[{"id":5273,"href":"https:\/\/santosvieiralda.com\/index.php?rest_route=\/wp\/v2\/pages\/4541\/revisions\/5273"}],"wp:attachment":[{"href":"https:\/\/santosvieiralda.com\/index.php?rest_route=%2Fwp%2Fv2%2Fmedia&parent=4541"}],"curies":[{"name":"wp","href":"https:\/\/api.w.org\/{rel}","templated":true}]}}