{"id":4543,"date":"2013-09-05T13:26:48","date_gmt":"2013-09-05T13:26:48","guid":{"rendered":"https:\/\/santosvieiralda.com\/?page_id=4543"},"modified":"2014-01-01T11:28:52","modified_gmt":"2014-01-01T11:28:52","slug":"construcao-civil","status":"publish","type":"page","link":"https:\/\/santosvieiralda.com\/?page_id=4543","title":{"rendered":"Constru\u00e7\u00e3o Civil"},"content":{"rendered":"<div class=\"aq-template-wrapper aq_row\"><div class=\"aq_span4 clearfix aq-first\"><img loading=\"lazy\" class=\"aligncenter size-medium wp-image-5237\" alt=\"legi1\" src=\"http:\/\/santosvieiralda.com\/wp-content\/uploads\/2013\/09\/legi11-300x154.jpg\" width=\"300\" height=\"154\" srcset=\"https:\/\/santosvieiralda.com\/wp-content\/uploads\/2013\/09\/legi11-300x154.jpg 300w, https:\/\/santosvieiralda.com\/wp-content\/uploads\/2013\/09\/legi11.jpg 700w\" sizes=\"(max-width: 300px) 100vw, 300px\" \/><\/div><div class=\"aq_span4 clearfix \"><img loading=\"lazy\" class=\"aligncenter size-medium wp-image-5238\" alt=\"legi2\" src=\"http:\/\/santosvieiralda.com\/wp-content\/uploads\/2013\/09\/legi21-300x154.jpg\" width=\"300\" height=\"154\" srcset=\"https:\/\/santosvieiralda.com\/wp-content\/uploads\/2013\/09\/legi21-300x154.jpg 300w, https:\/\/santosvieiralda.com\/wp-content\/uploads\/2013\/09\/legi21.jpg 700w\" sizes=\"(max-width: 300px) 100vw, 300px\" \/><\/div><div class=\"aq_span4 clearfix \"><img loading=\"lazy\" class=\"aligncenter size-medium wp-image-5239\" alt=\"legi3\" src=\"http:\/\/santosvieiralda.com\/wp-content\/uploads\/2013\/09\/legi31-300x154.jpg\" width=\"300\" height=\"154\" srcset=\"https:\/\/santosvieiralda.com\/wp-content\/uploads\/2013\/09\/legi31-300x154.jpg 300w, https:\/\/santosvieiralda.com\/wp-content\/uploads\/2013\/09\/legi31.jpg 700w\" sizes=\"(max-width: 300px) 100vw, 300px\" \/><\/div><\/div>\n<p align=\"justify\"><strong>Portaria n\u00ba 1379\/2009, de 30 de Outubro de 2009<\/strong><\/p>\n<p align=\"justify\">Regulamenta as qualifica\u00e7\u00f5es espec\u00edficas profissionais m\u00ednimas exig\u00edveis aos t\u00e9cnicos respons\u00e1veis pela elabora\u00e7\u00e3o de projectos, pela direc\u00e7\u00e3o de obras e pela fiscaliza\u00e7\u00e3o de obras.<\/p>\n<p align=\"justify\"><strong>Lei n\u00ba 31\/2009, de 3 de Julho de 2009<\/strong><\/p>\n<p align=\"justify\">Aprova o regime jur\u00eddico que estabelece a qualifica\u00e7\u00e3o profissional exig\u00edvel aos t\u00e9cnicos respons\u00e1veis pela elabora\u00e7\u00e3o e subscri\u00e7\u00e3o de projectos, pela fiscaliza\u00e7\u00e3o de obra e pela direc\u00e7\u00e3o de obra, que n\u00e3o esteja sujeita a legisla\u00e7\u00e3o especial, e os deveres que lhes s\u00e3o aplic\u00e1veis e revoga o Decreto n. (&#8230;)<\/p>\n<p align=\"justify\"><strong>Portaria n\u00ba 1268\/2008, de 6 de Novembro de 2008<\/strong><\/p>\n<p align=\"justify\">Define o modelo e requisitos do livro de obra e fixa as caracter\u00edsticas do livro de obra electr\u00f3nico<\/p>\n<p align=\"justify\"><strong>Decreto-Lei n\u00ba 273\/2003, de 29 de Outubro de 2003<\/strong><\/p>\n<p align=\"justify\">Procede \u00e0 revis\u00e3o da regulamenta\u00e7\u00e3o das condi\u00e7\u00f5es de seguran\u00e7a e de sa\u00fade no trabalho em estaleiros tempor\u00e1rios ou m\u00f3veis, constante do Decreto-Lei n.\u00ba 155\/95, de 01\/07, mantendo as prescri\u00e7\u00f5es m\u00ednimas de seguran\u00e7a e sa\u00fade no trabalho estabelecidas pela Directiva n.\u00ba 92\/57\/CEE, do Conselho, de 24 de (&#8230;)<\/p>\n<p align=\"justify\"><strong>Portaria n\u00ba 101\/96,de 3 de Abril de 1996<\/strong><\/p>\n<p align=\"justify\">Regulamenta as prescri\u00e7\u00f5es m\u00ednimas de seguran\u00e7a e de sa\u00fade nos locais e postos de trabalho dos estaleiros tempor\u00e1rios ou m\u00f3veis.<\/p>\n<p align=\"justify\"><strong>Decreto n\u00ba 46427\/65, de 10 de Julho de 1965<\/strong><\/p>\n<p align=\"justify\">Regulamento das instala\u00e7\u00f5es provis\u00f3rias destinadas ao pessoal empregador das obras.<\/p>\n<p align=\"justify\"><strong>Decreto n\u00ba 41821\/58, de 11 de Agosto de 1958<\/strong><\/p>\n<p align=\"justify\">Aprova o regulamento de seguran\u00e7a no trabalho da constru\u00e7\u00e3o civil.<\/p>\n<p><strong>Decreto n\u00ba 38382, de 7 de Agosto de 1951<\/strong><\/p>\n<p>Regulamento Geral das Edifica\u00e7\u00f5es Urbanas (RGEU).<\/p>\n","protected":false},"excerpt":{"rendered":"<p>Portaria n\u00ba 1379\/2009, de 30 de Outubro de 2009 Regulamenta as qualifica\u00e7\u00f5es espec\u00edficas profissionais m\u00ednimas exig\u00edveis aos t\u00e9cnicos respons\u00e1veis pela elabora\u00e7\u00e3o de projectos, pela direc\u00e7\u00e3o de obras e pela fiscaliza\u00e7\u00e3o de obras. Lei n\u00ba 31\/2009, de 3 de Julho de 2009 Aprova o regime jur\u00eddico que estabelece a qualifica\u00e7\u00e3o profissional exig\u00edvel aos t\u00e9cnicos respons\u00e1veis pela [&hellip;]<\/p>\n","protected":false},"author":1,"featured_media":0,"parent":0,"menu_order":0,"comment_status":"open","ping_status":"open","template":"","meta":[],"_links":{"self":[{"href":"https:\/\/santosvieiralda.com\/index.php?rest_route=\/wp\/v2\/pages\/4543"}],"collection":[{"href":"https:\/\/santosvieiralda.com\/index.php?rest_route=\/wp\/v2\/pages"}],"about":[{"href":"https:\/\/santosvieiralda.com\/index.php?rest_route=\/wp\/v2\/types\/page"}],"author":[{"embeddable":true,"href":"https:\/\/santosvieiralda.com\/index.php?rest_route=\/wp\/v2\/users\/1"}],"replies":[{"embeddable":true,"href":"https:\/\/santosvieiralda.com\/index.php?rest_route=%2Fwp%2Fv2%2Fcomments&post=4543"}],"version-history":[{"count":2,"href":"https:\/\/santosvieiralda.com\/index.php?rest_route=\/wp\/v2\/pages\/4543\/revisions"}],"predecessor-version":[{"id":5274,"href":"https:\/\/santosvieiralda.com\/index.php?rest_route=\/wp\/v2\/pages\/4543\/revisions\/5274"}],"wp:attachment":[{"href":"https:\/\/santosvieiralda.com\/index.php?rest_route=%2Fwp%2Fv2%2Fmedia&parent=4543"}],"curies":[{"name":"wp","href":"https:\/\/api.w.org\/{rel}","templated":true}]}}