{"id":4545,"date":"2013-09-05T13:27:55","date_gmt":"2013-09-05T13:27:55","guid":{"rendered":"https:\/\/santosvieiralda.com\/?page_id=4545"},"modified":"2014-01-01T11:29:27","modified_gmt":"2014-01-01T11:29:27","slug":"elevacao-e-movimentacao","status":"publish","type":"page","link":"https:\/\/santosvieiralda.com\/?page_id=4545","title":{"rendered":"Eleva\u00e7\u00e3o e Movimenta\u00e7\u00e3o"},"content":{"rendered":"<div class=\"aq-template-wrapper aq_row\"><div class=\"aq_span4 clearfix aq-first\"><img loading=\"lazy\" class=\"aligncenter size-medium wp-image-5237\" alt=\"legi1\" src=\"http:\/\/santosvieiralda.com\/wp-content\/uploads\/2013\/09\/legi11-300x154.jpg\" width=\"300\" height=\"154\" srcset=\"https:\/\/santosvieiralda.com\/wp-content\/uploads\/2013\/09\/legi11-300x154.jpg 300w, https:\/\/santosvieiralda.com\/wp-content\/uploads\/2013\/09\/legi11.jpg 700w\" sizes=\"(max-width: 300px) 100vw, 300px\" \/><\/div><div class=\"aq_span4 clearfix \"><img loading=\"lazy\" class=\"aligncenter size-medium wp-image-5238\" alt=\"legi2\" src=\"http:\/\/santosvieiralda.com\/wp-content\/uploads\/2013\/09\/legi21-300x154.jpg\" width=\"300\" height=\"154\" srcset=\"https:\/\/santosvieiralda.com\/wp-content\/uploads\/2013\/09\/legi21-300x154.jpg 300w, https:\/\/santosvieiralda.com\/wp-content\/uploads\/2013\/09\/legi21.jpg 700w\" sizes=\"(max-width: 300px) 100vw, 300px\" \/><\/div><div class=\"aq_span4 clearfix \"><img loading=\"lazy\" class=\"aligncenter size-medium wp-image-5239\" alt=\"legi3\" src=\"http:\/\/santosvieiralda.com\/wp-content\/uploads\/2013\/09\/legi31-300x154.jpg\" width=\"300\" height=\"154\" srcset=\"https:\/\/santosvieiralda.com\/wp-content\/uploads\/2013\/09\/legi31-300x154.jpg 300w, https:\/\/santosvieiralda.com\/wp-content\/uploads\/2013\/09\/legi31.jpg 700w\" sizes=\"(max-width: 300px) 100vw, 300px\" \/><\/div><\/div>\n<p align=\"justify\"><strong>Decreto-Lei n\u00ba 176\/2008, de 26 de Agosto de 2008<\/strong><\/p>\n<p align=\"justify\">Procede \u00e0 primeira altera\u00e7\u00e3o ao Decreto-Lei n.\u00ba 295\/98 de 22 de Setembro, que estabelece os princ\u00edpios gerais de seguran\u00e7a relativos aos ascensores e respectivos componentes e que transp\u00f5e parcialmente para a ordem jur\u00eddica interna a Directiva n.\u00ba 2006\/42\/CE, do Parlamento Europeu e do Conselho, de 1 (&#8230;)<\/p>\n<p align=\"justify\"><strong>Despacho n\u00ba 939\/2007, de 18 de Janeiro de 2007<\/strong><\/p>\n<p align=\"justify\">Lista das normas harmonizadas no \u00e2mbito de aplica\u00e7\u00e3o da directiva relativa a ascensores.<\/p>\n<p align=\"justify\"><strong>Despacho n\u00ba 8766\/2004, de 3 de Maio de 2004<\/strong><\/p>\n<p align=\"justify\">Aprova o modelo de aviso de utiliza\u00e7\u00e3o, e respectivas inscri\u00e7\u00f5es, para fixar nas cabinas dos ascensores de cabina sem porta.<\/p>\n<p align=\"justify\"><strong>Decreto-Lei n\u00ba 320\/2002, de 28 de Dezembro de 2002<\/strong><\/p>\n<p align=\"justify\">Estabelece o regime de manuten\u00e7\u00e3o e inspec\u00e7\u00e3o de ascensores, monta-cargas, escadas mec\u00e2nicas e tapetes rolantes, ap\u00f3s a sua entrada em servi\u00e7o, bem como as condi\u00e7\u00f5es de acesso \u00e0s actividades de manuten\u00e7\u00e3o e de inspec\u00e7\u00e3o.<\/p>\n<p align=\"justify\"><strong>Decreto-lei n\u00ba 295\/98, de 20 de Novembro de 1998<\/strong><\/p>\n<p align=\"justify\">Estabelece os princ\u00edpios gerais de seguran\u00e7a relativos aos ascensores e respectivos componentes, transpondo para o direito interno a Directiva n.\u00ba 95\/16\/CE, de 29 de Junho.<\/p>\n<p align=\"justify\"><strong>Portaria n\u00ba 1196\/92, de 22 de Dezembro de 1992<\/strong><\/p>\n<p align=\"justify\">Estabelece os requisitos t\u00e9cnicos e de seguran\u00e7a aos quais devem obedecer a constru\u00e7\u00e3o e instala\u00e7\u00e3o de novas escadas mec\u00e2nicas e tapetes rolantes.<\/p>\n<p align=\"justify\"><strong>Portaria n\u00ba 964\/91, de 20 de Setembro de 1991<\/strong><\/p>\n<p align=\"justify\">Aprova como Regulamento de Seguran\u00e7a de Ascensores Hidr\u00e1ulicos (RSAH) a norma NP EN 81-2 (1990).<\/p>\n<p align=\"justify\"><strong>Decreto-Lei n\u00ba 286\/91, de 9 de Agosto de 1991<\/strong><\/p>\n<p align=\"justify\">Estabelece normas para a constru\u00e7\u00e3o, verifica\u00e7\u00e3o e funcionamento dos aparelhos de eleva\u00e7\u00e3o e movimenta\u00e7\u00e3o. Transp\u00f5e para a ordem jur\u00eddica interna a Directiva n.\u00ba 84\/528\/CEE, de 17 de Setembro de 1984.<\/p>\n<p align=\"justify\"><strong>Portaria n\u00ba 376\/91, de 2 de Maio de 1991<\/strong><\/p>\n<p align=\"justify\">Aprova como Regulamento de Seguran\u00e7a de Ascensores El\u00e9ctricos (RSAE) a norma NP-3163\/1 (1988).<\/p>\n<p align=\"justify\"><strong>Portaria n\u00ba 269\/89, de 11 de Abril de 1991<\/strong><\/p>\n<p align=\"justify\">Regula o enquadramento das obras de conserva\u00e7\u00e3o e de beneficia\u00e7\u00e3o dos elevadores antigos.<\/p>\n<p align=\"justify\"><strong>Decreto-Lei n\u00ba 330\/93, de 25 de Setembro de 1993<\/strong><\/p>\n<p align=\"justify\">Transp\u00f5e para a ordem jur\u00eddica interna a Directiva n.\u00ba 90\/269\/CEE, do Conselho, de 29 de Maio, relativa \u00e0s prescri\u00e7\u00f5es m\u00ednimas de seguran\u00e7a e de sa\u00fade na movimenta\u00e7\u00e3o manual de cargas.<\/p>\n<p align=\"justify\"><strong>Decreto do governo n\u00ba 17\/84, de 4 de Abril de 1984<\/strong><\/p>\n<p align=\"justify\">Aprova, para ratifica\u00e7\u00e3o, a Conven\u00e7\u00e3o n.\u00ba 127, sobre o peso m\u00e1ximo de cargas a transportar por um s\u00f3 trabalhador, adoptada pela Confer\u00eancia Internacional do Trabalho na sua 51.\u00aa sess\u00e3o.<\/p>\n<p align=\"justify\"><strong>Decreto n\u00ba 513\/70, de 30 de Outubro de 1970<\/strong><\/p>\n<div align=\"justify\">Promulga o Regulamento de Seguran\u00e7a de Elevadores El\u00e9ctricos.<\/div>\n","protected":false},"excerpt":{"rendered":"<p>Decreto-Lei n\u00ba 176\/2008, de 26 de Agosto de 2008 Procede \u00e0 primeira altera\u00e7\u00e3o ao Decreto-Lei n.\u00ba 295\/98 de 22 de Setembro, que estabelece os princ\u00edpios gerais de seguran\u00e7a relativos aos ascensores e respectivos componentes e que transp\u00f5e parcialmente para a ordem jur\u00eddica interna a Directiva n.\u00ba 2006\/42\/CE, do Parlamento Europeu e do Conselho, de 1 [&hellip;]<\/p>\n","protected":false},"author":1,"featured_media":0,"parent":0,"menu_order":0,"comment_status":"open","ping_status":"open","template":"","meta":[],"_links":{"self":[{"href":"https:\/\/santosvieiralda.com\/index.php?rest_route=\/wp\/v2\/pages\/4545"}],"collection":[{"href":"https:\/\/santosvieiralda.com\/index.php?rest_route=\/wp\/v2\/pages"}],"about":[{"href":"https:\/\/santosvieiralda.com\/index.php?rest_route=\/wp\/v2\/types\/page"}],"author":[{"embeddable":true,"href":"https:\/\/santosvieiralda.com\/index.php?rest_route=\/wp\/v2\/users\/1"}],"replies":[{"embeddable":true,"href":"https:\/\/santosvieiralda.com\/index.php?rest_route=%2Fwp%2Fv2%2Fcomments&post=4545"}],"version-history":[{"count":2,"href":"https:\/\/santosvieiralda.com\/index.php?rest_route=\/wp\/v2\/pages\/4545\/revisions"}],"predecessor-version":[{"id":5275,"href":"https:\/\/santosvieiralda.com\/index.php?rest_route=\/wp\/v2\/pages\/4545\/revisions\/5275"}],"wp:attachment":[{"href":"https:\/\/santosvieiralda.com\/index.php?rest_route=%2Fwp%2Fv2%2Fmedia&parent=4545"}],"curies":[{"name":"wp","href":"https:\/\/api.w.org\/{rel}","templated":true}]}}