{"id":4551,"date":"2013-09-05T13:33:57","date_gmt":"2013-09-05T13:33:57","guid":{"rendered":"https:\/\/santosvieiralda.com\/?page_id=4551"},"modified":"2014-01-01T11:31:43","modified_gmt":"2014-01-01T11:31:43","slug":"maquinas-e-equipamentos-de-trabalho","status":"publish","type":"page","link":"https:\/\/santosvieiralda.com\/?page_id=4551","title":{"rendered":"M\u00e1quinas e Equipamentos de Trabalho"},"content":{"rendered":"<div class=\"aq-template-wrapper aq_row\"><div class=\"aq_span4 clearfix aq-first\"><img loading=\"lazy\" class=\"aligncenter size-medium wp-image-5237\" alt=\"legi1\" src=\"http:\/\/santosvieiralda.com\/wp-content\/uploads\/2013\/09\/legi11-300x154.jpg\" width=\"300\" height=\"154\" srcset=\"https:\/\/santosvieiralda.com\/wp-content\/uploads\/2013\/09\/legi11-300x154.jpg 300w, https:\/\/santosvieiralda.com\/wp-content\/uploads\/2013\/09\/legi11.jpg 700w\" sizes=\"(max-width: 300px) 100vw, 300px\" \/><\/div><div class=\"aq_span4 clearfix \"><img loading=\"lazy\" class=\"aligncenter size-medium wp-image-5238\" alt=\"legi2\" src=\"http:\/\/santosvieiralda.com\/wp-content\/uploads\/2013\/09\/legi21-300x154.jpg\" width=\"300\" height=\"154\" srcset=\"https:\/\/santosvieiralda.com\/wp-content\/uploads\/2013\/09\/legi21-300x154.jpg 300w, https:\/\/santosvieiralda.com\/wp-content\/uploads\/2013\/09\/legi21.jpg 700w\" sizes=\"(max-width: 300px) 100vw, 300px\" \/><\/div><div class=\"aq_span4 clearfix \"><img loading=\"lazy\" class=\"aligncenter size-medium wp-image-5239\" alt=\"legi3\" src=\"http:\/\/santosvieiralda.com\/wp-content\/uploads\/2013\/09\/legi31-300x154.jpg\" width=\"300\" height=\"154\" srcset=\"https:\/\/santosvieiralda.com\/wp-content\/uploads\/2013\/09\/legi31-300x154.jpg 300w, https:\/\/santosvieiralda.com\/wp-content\/uploads\/2013\/09\/legi31.jpg 700w\" sizes=\"(max-width: 300px) 100vw, 300px\" \/><\/div><\/div>\n<p align=\"justify\"><strong>Diretiva n\u00ba 2009\/104\/CE, de 3 de Outubro de 2009<\/strong><\/p>\n<p align=\"justify\">Relativa \u00e0s prescri\u00e7\u00f5es m\u00ednimas de seguran\u00e7a e de sa\u00fade para a utiliza\u00e7\u00e3o pelos trabalhadores de equipamentos de trabalho no trabalho (segunda Directiva especial, na acep\u00e7\u00e3o do n\u00ba 1 do artigo 16\u00ba da Directiva 89\/391\/CEE).<\/p>\n<p align=\"justify\"><strong>Portaria n\u00ba 1106\/2009, de 24 de Setembro de 2009<\/strong><\/p>\n<p align=\"justify\">Aprova o Regulamento do Controlo Metrol\u00f3gico dos Instrumentos de Medi\u00e7\u00e3o de Radia\u00e7\u00f5es Ionizantes.<\/p>\n<p align=\"justify\"><strong>Portaria n\u00ba 977\/2009, de 1 de Setembro de 2009<\/strong><\/p>\n<p align=\"justify\">Aprova o Regulamento do Controlo Metrol\u00f3gico dos Son\u00f3metros e revoga a Portaria n.\u00ba 1069\/89, de 13 de Dezembro.<\/p>\n<p align=\"justify\"><strong>Portaria n\u00ba 1556\/2007, de 10 de Dezembro de 2007<\/strong><\/p>\n<p align=\"justify\">Aprova o Regulamento dos Alcool\u00edmetros. Revoga a Portaria n.\u00ba 748\/94 de 3 de Outubro.<\/p>\n<p align=\"justify\"><strong>Decreto-Lei n\u00ba 50\/2005, de 25 de Fevereiro de 2005<\/strong><\/p>\n<p align=\"justify\">Regula as prescri\u00e7\u00f5es de seguran\u00e7a e sa\u00fade dos trabalhadores na utiliza\u00e7\u00e3o de equipamentos de trabalho.<\/p>\n<p align=\"justify\"><strong>Portaria n\u00ba 58\/2005, de 21 de Janeiro de 2005<\/strong><\/p>\n<p align=\"justify\">Estabelece as normas relativas \u00e0s condi\u00e7\u00f5es de emiss\u00e3o dos certificados de aptid\u00e3o profissional (CAP) e de homologa\u00e7\u00e3o dos respectivos cursos de forma\u00e7\u00e3o profissional, relativos aos perfis profissionais de condutor(a)-manobrador(a) de equipamentos de movimenta\u00e7\u00e3o de terras e de equipamentos de eleva\u00e7 (&#8230;)<\/p>\n<p align=\"justify\"><strong>Portaria n\u00ba 172\/2000, de 23 de Mar\u00e7o de 2000<\/strong><\/p>\n<p align=\"justify\">Define a complexidade e caracter\u00edsticas das m\u00e1quinas usadas que revistam especial perigosidade<\/p>\n<p align=\"justify\"><strong>Portaria n\u00ba 58\/2005, de 21 de Janeiro de 2005<\/strong><\/p>\n<p align=\"justify\">Estabelece as normas relativas \u00e0s condi\u00e7\u00f5es de emiss\u00e3o dos certificados de aptid\u00e3o profissional (CAP) e de homologa\u00e7\u00e3o dos respectivos cursos de forma\u00e7\u00e3o profissional, relativos aos perfis profissionais de condutor(a)-manobrador(a) de equipamentos de movimenta\u00e7\u00e3o de terras e de equipamentos de eleva\u00e7 (&#8230;)<\/p>\n<p align=\"justify\"><strong>Portaria n\u00ba 172\/2000, de 23 de Mar\u00e7o de 2000<\/strong><\/p>\n<p align=\"justify\">Define a complexidade e caracter\u00edsticas das m\u00e1quinas usadas que revistam especial perigosidade.<\/p>\n<p align=\"justify\"><strong>Decreto-lei n\u00ba 374\/98 de 24 de Novembro de 1998<\/strong><\/p>\n<p align=\"justify\">Prescri\u00e7\u00f5es m\u00ednimas de seguran\u00e7a a que devem obedecer o fabrico e comercializa\u00e7\u00e3o de m\u00e1quinas e de instrumentos de medi\u00e7\u00e3o.<\/p>\n<p align=\"justify\"><strong>Decreto-lei n\u00ba 214\/95, de 18 de Agosto de 1995<\/strong><\/p>\n<p align=\"justify\">Estabelece as condi\u00e7\u00f5es de utiliza\u00e7\u00e3o e comercializa\u00e7\u00e3o de m\u00e1quinas usadas, visando a protec\u00e7\u00e3o da sa\u00fade e seguran\u00e7a dos utilizadores e de terceiros.<\/p>\n<p align=\"justify\"><strong>Decreto-Lei n\u00ba 139\/95, de 14 de Junho de 1995<\/strong><\/p>\n<p align=\"justify\">Equipamentos &#8211; Marca\u00e7\u00e3o CE.<\/p>\n<p align=\"justify\"><strong>Decreto-Lei n\u00ba 62\/88, de 27 de Fevereiro de 1988<\/strong><\/p>\n<div align=\"justify\">Determina o uso da l\u00edngua portuguesa nas informa\u00e7\u00f5es ou instru\u00e7\u00f5es respeitantes a caracter\u00edsticas, instala\u00e7\u00e3o, servi\u00e7o ou utiliza\u00e7\u00e3o, montagem, manuten\u00e7\u00e3o, armazenagem e transporte que acompanham as m\u00e1quinas e outros utens\u00edlios de uso industrial ou laboratorial.<\/div>\n","protected":false},"excerpt":{"rendered":"<p>Diretiva n\u00ba 2009\/104\/CE, de 3 de Outubro de 2009 Relativa \u00e0s prescri\u00e7\u00f5es m\u00ednimas de seguran\u00e7a e de sa\u00fade para a utiliza\u00e7\u00e3o pelos trabalhadores de equipamentos de trabalho no trabalho (segunda Directiva especial, na acep\u00e7\u00e3o do n\u00ba 1 do artigo 16\u00ba da Directiva 89\/391\/CEE). Portaria n\u00ba 1106\/2009, de 24 de Setembro de 2009 Aprova o Regulamento [&hellip;]<\/p>\n","protected":false},"author":1,"featured_media":0,"parent":0,"menu_order":0,"comment_status":"open","ping_status":"open","template":"","meta":[],"_links":{"self":[{"href":"https:\/\/santosvieiralda.com\/index.php?rest_route=\/wp\/v2\/pages\/4551"}],"collection":[{"href":"https:\/\/santosvieiralda.com\/index.php?rest_route=\/wp\/v2\/pages"}],"about":[{"href":"https:\/\/santosvieiralda.com\/index.php?rest_route=\/wp\/v2\/types\/page"}],"author":[{"embeddable":true,"href":"https:\/\/santosvieiralda.com\/index.php?rest_route=\/wp\/v2\/users\/1"}],"replies":[{"embeddable":true,"href":"https:\/\/santosvieiralda.com\/index.php?rest_route=%2Fwp%2Fv2%2Fcomments&post=4551"}],"version-history":[{"count":2,"href":"https:\/\/santosvieiralda.com\/index.php?rest_route=\/wp\/v2\/pages\/4551\/revisions"}],"predecessor-version":[{"id":5278,"href":"https:\/\/santosvieiralda.com\/index.php?rest_route=\/wp\/v2\/pages\/4551\/revisions\/5278"}],"wp:attachment":[{"href":"https:\/\/santosvieiralda.com\/index.php?rest_route=%2Fwp%2Fv2%2Fmedia&parent=4551"}],"curies":[{"name":"wp","href":"https:\/\/api.w.org\/{rel}","templated":true}]}}