{"id":4559,"date":"2013-09-05T13:38:52","date_gmt":"2013-09-05T13:38:52","guid":{"rendered":"https:\/\/santosvieiralda.com\/?page_id=4559"},"modified":"2014-01-01T11:36:07","modified_gmt":"2014-01-01T11:36:07","slug":"relatorio-unico","status":"publish","type":"page","link":"https:\/\/santosvieiralda.com\/?page_id=4559","title":{"rendered":"Relat\u00f3rio \u00danico"},"content":{"rendered":"<div class=\"aq-template-wrapper aq_row\"><div class=\"aq_span4 clearfix aq-first\"><img loading=\"lazy\" class=\"aligncenter size-medium wp-image-5237\" alt=\"legi1\" src=\"http:\/\/santosvieiralda.com\/wp-content\/uploads\/2013\/09\/legi11-300x154.jpg\" width=\"300\" height=\"154\" srcset=\"https:\/\/santosvieiralda.com\/wp-content\/uploads\/2013\/09\/legi11-300x154.jpg 300w, https:\/\/santosvieiralda.com\/wp-content\/uploads\/2013\/09\/legi11.jpg 700w\" sizes=\"(max-width: 300px) 100vw, 300px\" \/><\/div><div class=\"aq_span4 clearfix \"><img loading=\"lazy\" class=\"aligncenter size-medium wp-image-5238\" alt=\"legi2\" src=\"http:\/\/santosvieiralda.com\/wp-content\/uploads\/2013\/09\/legi21-300x154.jpg\" width=\"300\" height=\"154\" srcset=\"https:\/\/santosvieiralda.com\/wp-content\/uploads\/2013\/09\/legi21-300x154.jpg 300w, https:\/\/santosvieiralda.com\/wp-content\/uploads\/2013\/09\/legi21.jpg 700w\" sizes=\"(max-width: 300px) 100vw, 300px\" \/><\/div><div class=\"aq_span4 clearfix \"><img loading=\"lazy\" class=\"aligncenter size-medium wp-image-5239\" alt=\"legi3\" src=\"http:\/\/santosvieiralda.com\/wp-content\/uploads\/2013\/09\/legi31-300x154.jpg\" width=\"300\" height=\"154\" srcset=\"https:\/\/santosvieiralda.com\/wp-content\/uploads\/2013\/09\/legi31-300x154.jpg 300w, https:\/\/santosvieiralda.com\/wp-content\/uploads\/2013\/09\/legi31.jpg 700w\" sizes=\"(max-width: 300px) 100vw, 300px\" \/><\/div><\/div>\n<p align=\"justify\"><strong>C\u00f3digo do Trabalho<\/strong><br \/>\n<strong>Lei n\u00ba 105\/2009, de 14 de Setembro<\/strong><\/p>\n<p align=\"justify\">Regulamenta e altera o C\u00f3digo do Trabalho, aprovado pela Lei n.\u00ba 7\/2009, de 12 de Fevereiro<\/p>\n<p align=\"justify\"><strong>Declara\u00e7\u00e3o de Retifica\u00e7\u00e3o n.\u00ba 21\/2009<\/strong><\/p>\n<p align=\"justify\">Declara que a Lei n.\u00ba 7\/2009, de 12 de Fevereiro, que aprova a revis\u00e3o do C\u00f3digo do Trabalho, publicada no Di\u00e1rio da Rep\u00fablica, 1.\u00aa s\u00e9rie, n.\u00ba 30, de 12 de Fevereiro de 2009, saiu com as seguintes inexactid\u00f5es<\/p>\n<p align=\"justify\"><strong>Lei n.\u00ba 7\/2009, de 12 de Fevereiro<\/strong><br \/>\nAprova a revis\u00e3o do C\u00f3digo do Trabalho<\/p>\n<p><strong>Portaria n\u00ba 55\/2010, de 21 de Setembro<\/strong><\/p>\n<p align=\"justify\">Regula o conte\u00fado e o prazo de apresenta\u00e7\u00e3o da informa\u00e7\u00e3o sobre a actividade social da empresa, por parte do empregador<br \/>\n<strong>Portaria n\u00ba 108-A\/2011, de 14 de Mar\u00e7o<\/strong><\/p>\n<div align=\"justify\">Procede \u00e0 altera\u00e7\u00e3o do artigo 5.\u00ba da Portaria n.\u00ba 55\/2010, de 21 de Janeiro.<\/div>\n","protected":false},"excerpt":{"rendered":"<p>C\u00f3digo do Trabalho Lei n\u00ba 105\/2009, de 14 de Setembro Regulamenta e altera o C\u00f3digo do Trabalho, aprovado pela Lei n.\u00ba 7\/2009, de 12 de Fevereiro Declara\u00e7\u00e3o de Retifica\u00e7\u00e3o n.\u00ba 21\/2009 Declara que a Lei n.\u00ba 7\/2009, de 12 de Fevereiro, que aprova a revis\u00e3o do C\u00f3digo do Trabalho, publicada no Di\u00e1rio da Rep\u00fablica, 1.\u00aa [&hellip;]<\/p>\n","protected":false},"author":1,"featured_media":0,"parent":0,"menu_order":0,"comment_status":"open","ping_status":"open","template":"","meta":[],"_links":{"self":[{"href":"https:\/\/santosvieiralda.com\/index.php?rest_route=\/wp\/v2\/pages\/4559"}],"collection":[{"href":"https:\/\/santosvieiralda.com\/index.php?rest_route=\/wp\/v2\/pages"}],"about":[{"href":"https:\/\/santosvieiralda.com\/index.php?rest_route=\/wp\/v2\/types\/page"}],"author":[{"embeddable":true,"href":"https:\/\/santosvieiralda.com\/index.php?rest_route=\/wp\/v2\/users\/1"}],"replies":[{"embeddable":true,"href":"https:\/\/santosvieiralda.com\/index.php?rest_route=%2Fwp%2Fv2%2Fcomments&post=4559"}],"version-history":[{"count":2,"href":"https:\/\/santosvieiralda.com\/index.php?rest_route=\/wp\/v2\/pages\/4559\/revisions"}],"predecessor-version":[{"id":5283,"href":"https:\/\/santosvieiralda.com\/index.php?rest_route=\/wp\/v2\/pages\/4559\/revisions\/5283"}],"wp:attachment":[{"href":"https:\/\/santosvieiralda.com\/index.php?rest_route=%2Fwp%2Fv2%2Fmedia&parent=4559"}],"curies":[{"name":"wp","href":"https:\/\/api.w.org\/{rel}","templated":true}]}}