{"id":4563,"date":"2013-09-05T13:41:42","date_gmt":"2013-09-05T13:41:42","guid":{"rendered":"https:\/\/santosvieiralda.com\/?page_id=4563"},"modified":"2014-01-01T11:37:31","modified_gmt":"2014-01-01T11:37:31","slug":"baixa-tensao","status":"publish","type":"page","link":"https:\/\/santosvieiralda.com\/?page_id=4563","title":{"rendered":"Baixa Tens\u00e3o"},"content":{"rendered":"<div class=\"aq-template-wrapper aq_row\"><div class=\"aq_span4 clearfix aq-first\"><img loading=\"lazy\" class=\"aligncenter size-medium wp-image-5237\" alt=\"legi1\" src=\"http:\/\/santosvieiralda.com\/wp-content\/uploads\/2013\/09\/legi11-300x154.jpg\" width=\"300\" height=\"154\" srcset=\"https:\/\/santosvieiralda.com\/wp-content\/uploads\/2013\/09\/legi11-300x154.jpg 300w, https:\/\/santosvieiralda.com\/wp-content\/uploads\/2013\/09\/legi11.jpg 700w\" sizes=\"(max-width: 300px) 100vw, 300px\" \/><\/div><div class=\"aq_span4 clearfix \"><img loading=\"lazy\" class=\"aligncenter size-medium wp-image-5238\" alt=\"legi2\" src=\"http:\/\/santosvieiralda.com\/wp-content\/uploads\/2013\/09\/legi21-300x154.jpg\" width=\"300\" height=\"154\" srcset=\"https:\/\/santosvieiralda.com\/wp-content\/uploads\/2013\/09\/legi21-300x154.jpg 300w, https:\/\/santosvieiralda.com\/wp-content\/uploads\/2013\/09\/legi21.jpg 700w\" sizes=\"(max-width: 300px) 100vw, 300px\" \/><\/div><div class=\"aq_span4 clearfix \"><img loading=\"lazy\" class=\"aligncenter size-medium wp-image-5239\" alt=\"legi3\" src=\"http:\/\/santosvieiralda.com\/wp-content\/uploads\/2013\/09\/legi31-300x154.jpg\" width=\"300\" height=\"154\" srcset=\"https:\/\/santosvieiralda.com\/wp-content\/uploads\/2013\/09\/legi31-300x154.jpg 300w, https:\/\/santosvieiralda.com\/wp-content\/uploads\/2013\/09\/legi31.jpg 700w\" sizes=\"(max-width: 300px) 100vw, 300px\" \/><\/div><\/div>\n<p align=\"justify\"><strong>Comunica\u00e7\u00e3o n\u00ba 2011\/C 87\/01, de18 de Mar\u00e7o de 2011<\/strong><\/p>\n<p align=\"justify\">Comunica\u00e7\u00e3o da Comiss\u00e3o no \u00e2mbito da aplica\u00e7\u00e3o da Directiva 2006\/95\/CE do Parlamento Europeu e do Conselho, de 12 de Dezembro de 2006, relativa \u00e0 harmoniza\u00e7\u00e3o das legisla\u00e7\u00f5es dos Estados-Membros no dom\u00ednio do material el\u00e9ctrico destinado a ser utilizado dentro de certos limites de tens\u00e3o.<\/p>\n<p align=\"justify\"><strong>Diretiva n\u00ba 2006\/95\/CE, de 12 de Dezembro de 2006<\/strong><\/p>\n<div align=\"justify\">Directiva 2006\/95\/CE do Parlamento Europeu e do Conselho de 12 de Dezembro de 2006 relativa \u00e0 harmoniza\u00e7\u00e3o das legisla\u00e7\u00f5es dos Estados-Membros no dom\u00ednio do material el\u00e9ctrico destinado a ser utilizado dentro de certos limites de tens\u00e3o.<\/div>\n","protected":false},"excerpt":{"rendered":"<p>Comunica\u00e7\u00e3o n\u00ba 2011\/C 87\/01, de18 de Mar\u00e7o de 2011 Comunica\u00e7\u00e3o da Comiss\u00e3o no \u00e2mbito da aplica\u00e7\u00e3o da Directiva 2006\/95\/CE do Parlamento Europeu e do Conselho, de 12 de Dezembro de 2006, relativa \u00e0 harmoniza\u00e7\u00e3o das legisla\u00e7\u00f5es dos Estados-Membros no dom\u00ednio do material el\u00e9ctrico destinado a ser utilizado dentro de certos limites de tens\u00e3o. Diretiva n\u00ba [&hellip;]<\/p>\n","protected":false},"author":1,"featured_media":0,"parent":0,"menu_order":0,"comment_status":"open","ping_status":"open","template":"","meta":[],"_links":{"self":[{"href":"https:\/\/santosvieiralda.com\/index.php?rest_route=\/wp\/v2\/pages\/4563"}],"collection":[{"href":"https:\/\/santosvieiralda.com\/index.php?rest_route=\/wp\/v2\/pages"}],"about":[{"href":"https:\/\/santosvieiralda.com\/index.php?rest_route=\/wp\/v2\/types\/page"}],"author":[{"embeddable":true,"href":"https:\/\/santosvieiralda.com\/index.php?rest_route=\/wp\/v2\/users\/1"}],"replies":[{"embeddable":true,"href":"https:\/\/santosvieiralda.com\/index.php?rest_route=%2Fwp%2Fv2%2Fcomments&post=4563"}],"version-history":[{"count":2,"href":"https:\/\/santosvieiralda.com\/index.php?rest_route=\/wp\/v2\/pages\/4563\/revisions"}],"predecessor-version":[{"id":5285,"href":"https:\/\/santosvieiralda.com\/index.php?rest_route=\/wp\/v2\/pages\/4563\/revisions\/5285"}],"wp:attachment":[{"href":"https:\/\/santosvieiralda.com\/index.php?rest_route=%2Fwp%2Fv2%2Fmedia&parent=4563"}],"curies":[{"name":"wp","href":"https:\/\/api.w.org\/{rel}","templated":true}]}}