{"id":4578,"date":"2013-09-05T13:51:12","date_gmt":"2013-09-05T13:51:12","guid":{"rendered":"https:\/\/santosvieiralda.com\/?page_id=4578"},"modified":"2014-01-01T11:40:57","modified_gmt":"2014-01-01T11:40:57","slug":"equipamentos-de-proteccao-individual","status":"publish","type":"page","link":"https:\/\/santosvieiralda.com\/?page_id=4578","title":{"rendered":"Equipamentos de Protec\u00e7\u00e3o Individual"},"content":{"rendered":"<div class=\"aq-template-wrapper aq_row\"><div class=\"aq_span4 clearfix aq-first\"><img loading=\"lazy\" class=\"aligncenter size-medium wp-image-5237\" alt=\"legi1\" src=\"http:\/\/santosvieiralda.com\/wp-content\/uploads\/2013\/09\/legi11-300x154.jpg\" width=\"300\" height=\"154\" srcset=\"https:\/\/santosvieiralda.com\/wp-content\/uploads\/2013\/09\/legi11-300x154.jpg 300w, https:\/\/santosvieiralda.com\/wp-content\/uploads\/2013\/09\/legi11.jpg 700w\" sizes=\"(max-width: 300px) 100vw, 300px\" \/><\/div><div class=\"aq_span4 clearfix \"><img loading=\"lazy\" class=\"aligncenter size-medium wp-image-5238\" alt=\"legi2\" src=\"http:\/\/santosvieiralda.com\/wp-content\/uploads\/2013\/09\/legi21-300x154.jpg\" width=\"300\" height=\"154\" srcset=\"https:\/\/santosvieiralda.com\/wp-content\/uploads\/2013\/09\/legi21-300x154.jpg 300w, https:\/\/santosvieiralda.com\/wp-content\/uploads\/2013\/09\/legi21.jpg 700w\" sizes=\"(max-width: 300px) 100vw, 300px\" \/><\/div><div class=\"aq_span4 clearfix \"><img loading=\"lazy\" class=\"aligncenter size-medium wp-image-5239\" alt=\"legi3\" src=\"http:\/\/santosvieiralda.com\/wp-content\/uploads\/2013\/09\/legi31-300x154.jpg\" width=\"300\" height=\"154\" srcset=\"https:\/\/santosvieiralda.com\/wp-content\/uploads\/2013\/09\/legi31-300x154.jpg 300w, https:\/\/santosvieiralda.com\/wp-content\/uploads\/2013\/09\/legi31.jpg 700w\" sizes=\"(max-width: 300px) 100vw, 300px\" \/><\/div><\/div>\n<p align=\"justify\"><strong>Comunica\u00e7\u00e3o n\u00ba 2010\/C 118\/02, de 6 de Maio de 2010<\/strong><\/p>\n<p align=\"justify\">Comunica\u00e7\u00e3o da Comiss\u00e3o no \u00e2mbito da execu\u00e7\u00e3o da Directiva 89\/686\/CEE do Conselho, de 21 de Dezembro de 1989, relativa \u00e0 aproxima\u00e7\u00e3o das legisla\u00e7\u00f5es dos Estados-Membros respeitantes aos equipamentos de protec\u00e7\u00e3o individual<\/p>\n<p align=\"justify\"><strong>Diretiva n\u00ba 89\/686\/CEE, de 21 de Dezembro de 1989<\/strong><\/p>\n<div align=\"justify\">Directiva do Conselho de 21 de Dezembro de 1989 relativa \u00e0 aproxima\u00e7\u00e3o das legisla\u00e7\u00f5es dos Estados-membros respeitantes aos equipamentos de protec\u00e7\u00e3o individual.<\/div>\n","protected":false},"excerpt":{"rendered":"<p>Comunica\u00e7\u00e3o n\u00ba 2010\/C 118\/02, de 6 de Maio de 2010 Comunica\u00e7\u00e3o da Comiss\u00e3o no \u00e2mbito da execu\u00e7\u00e3o da Directiva 89\/686\/CEE do Conselho, de 21 de Dezembro de 1989, relativa \u00e0 aproxima\u00e7\u00e3o das legisla\u00e7\u00f5es dos Estados-Membros respeitantes aos equipamentos de protec\u00e7\u00e3o individual Diretiva n\u00ba 89\/686\/CEE, de 21 de Dezembro de 1989 Directiva do Conselho de 21 [&hellip;]<\/p>\n","protected":false},"author":1,"featured_media":0,"parent":0,"menu_order":0,"comment_status":"open","ping_status":"open","template":"","meta":[],"_links":{"self":[{"href":"https:\/\/santosvieiralda.com\/index.php?rest_route=\/wp\/v2\/pages\/4578"}],"collection":[{"href":"https:\/\/santosvieiralda.com\/index.php?rest_route=\/wp\/v2\/pages"}],"about":[{"href":"https:\/\/santosvieiralda.com\/index.php?rest_route=\/wp\/v2\/types\/page"}],"author":[{"embeddable":true,"href":"https:\/\/santosvieiralda.com\/index.php?rest_route=\/wp\/v2\/users\/1"}],"replies":[{"embeddable":true,"href":"https:\/\/santosvieiralda.com\/index.php?rest_route=%2Fwp%2Fv2%2Fcomments&post=4578"}],"version-history":[{"count":2,"href":"https:\/\/santosvieiralda.com\/index.php?rest_route=\/wp\/v2\/pages\/4578\/revisions"}],"predecessor-version":[{"id":5290,"href":"https:\/\/santosvieiralda.com\/index.php?rest_route=\/wp\/v2\/pages\/4578\/revisions\/5290"}],"wp:attachment":[{"href":"https:\/\/santosvieiralda.com\/index.php?rest_route=%2Fwp%2Fv2%2Fmedia&parent=4578"}],"curies":[{"name":"wp","href":"https:\/\/api.w.org\/{rel}","templated":true}]}}