{"id":4601,"date":"2013-09-05T14:21:42","date_gmt":"2013-09-05T14:21:42","guid":{"rendered":"https:\/\/santosvieiralda.com\/?page_id=4601"},"modified":"2014-01-01T11:44:50","modified_gmt":"2014-01-01T11:44:50","slug":"empreendimentos-turisticos","status":"publish","type":"page","link":"https:\/\/santosvieiralda.com\/?page_id=4601","title":{"rendered":"Empreendimentos Tur\u00edsticos"},"content":{"rendered":"<div class=\"aq-template-wrapper aq_row\"><div class=\"aq_span4 clearfix aq-first\"><img loading=\"lazy\" class=\"aligncenter size-medium wp-image-5237\" alt=\"legi1\" src=\"http:\/\/santosvieiralda.com\/wp-content\/uploads\/2013\/09\/legi11-300x154.jpg\" width=\"300\" height=\"154\" srcset=\"https:\/\/santosvieiralda.com\/wp-content\/uploads\/2013\/09\/legi11-300x154.jpg 300w, https:\/\/santosvieiralda.com\/wp-content\/uploads\/2013\/09\/legi11.jpg 700w\" sizes=\"(max-width: 300px) 100vw, 300px\" \/><\/div><div class=\"aq_span4 clearfix \"><img loading=\"lazy\" class=\"aligncenter size-medium wp-image-5238\" alt=\"legi2\" src=\"http:\/\/santosvieiralda.com\/wp-content\/uploads\/2013\/09\/legi21-300x154.jpg\" width=\"300\" height=\"154\" srcset=\"https:\/\/santosvieiralda.com\/wp-content\/uploads\/2013\/09\/legi21-300x154.jpg 300w, https:\/\/santosvieiralda.com\/wp-content\/uploads\/2013\/09\/legi21.jpg 700w\" sizes=\"(max-width: 300px) 100vw, 300px\" \/><\/div><div class=\"aq_span4 clearfix \"><img loading=\"lazy\" class=\"aligncenter size-medium wp-image-5239\" alt=\"legi3\" src=\"http:\/\/santosvieiralda.com\/wp-content\/uploads\/2013\/09\/legi31-300x154.jpg\" width=\"300\" height=\"154\" srcset=\"https:\/\/santosvieiralda.com\/wp-content\/uploads\/2013\/09\/legi31-300x154.jpg 300w, https:\/\/santosvieiralda.com\/wp-content\/uploads\/2013\/09\/legi31.jpg 700w\" sizes=\"(max-width: 300px) 100vw, 300px\" \/><\/div><\/div>\n<p><strong>Decreto-lei n.\u00ba 55\/2002, de 11 de Mar\u00e7o de 2002<\/strong><\/p>\n<div align=\"justify\">Altera o Decreto-Lei n\u00ba 167\/97, de 4 de Julho, que aprova o regime jur\u00eddico da instala\u00e7\u00e3o e do funcionamento dos empreendimentos tur\u00edsticos destinados \u00e0 actividade do alojamento tur\u00edstico, compatibilizando-o com o disposto no Decreto-Lei n\u00ba 555\/99 de 16 de Dezembro.<\/div>\n","protected":false},"excerpt":{"rendered":"<p>Decreto-lei n.\u00ba 55\/2002, de 11 de Mar\u00e7o de 2002 Altera o Decreto-Lei n\u00ba 167\/97, de 4 de Julho, que aprova o regime jur\u00eddico da instala\u00e7\u00e3o e do funcionamento dos empreendimentos tur\u00edsticos destinados \u00e0 actividade do alojamento tur\u00edstico, compatibilizando-o com o disposto no Decreto-Lei n\u00ba 555\/99 de 16 de Dezembro.<\/p>\n","protected":false},"author":1,"featured_media":0,"parent":0,"menu_order":0,"comment_status":"open","ping_status":"open","template":"","meta":[],"_links":{"self":[{"href":"https:\/\/santosvieiralda.com\/index.php?rest_route=\/wp\/v2\/pages\/4601"}],"collection":[{"href":"https:\/\/santosvieiralda.com\/index.php?rest_route=\/wp\/v2\/pages"}],"about":[{"href":"https:\/\/santosvieiralda.com\/index.php?rest_route=\/wp\/v2\/types\/page"}],"author":[{"embeddable":true,"href":"https:\/\/santosvieiralda.com\/index.php?rest_route=\/wp\/v2\/users\/1"}],"replies":[{"embeddable":true,"href":"https:\/\/santosvieiralda.com\/index.php?rest_route=%2Fwp%2Fv2%2Fcomments&post=4601"}],"version-history":[{"count":2,"href":"https:\/\/santosvieiralda.com\/index.php?rest_route=\/wp\/v2\/pages\/4601\/revisions"}],"predecessor-version":[{"id":5296,"href":"https:\/\/santosvieiralda.com\/index.php?rest_route=\/wp\/v2\/pages\/4601\/revisions\/5296"}],"wp:attachment":[{"href":"https:\/\/santosvieiralda.com\/index.php?rest_route=%2Fwp%2Fv2%2Fmedia&parent=4601"}],"curies":[{"name":"wp","href":"https:\/\/api.w.org\/{rel}","templated":true}]}}