{"id":4623,"date":"2013-09-05T14:41:01","date_gmt":"2013-09-05T14:41:01","guid":{"rendered":"https:\/\/santosvieiralda.com\/?page_id=4623"},"modified":"2014-01-01T11:49:03","modified_gmt":"2014-01-01T11:49:03","slug":"geral-2","status":"publish","type":"page","link":"https:\/\/santosvieiralda.com\/?page_id=4623","title":{"rendered":"Geral"},"content":{"rendered":"<div class=\"aq-template-wrapper aq_row\"><div class=\"aq_span4 clearfix aq-first\"><img loading=\"lazy\" class=\"aligncenter size-medium wp-image-5237\" alt=\"legi1\" src=\"http:\/\/santosvieiralda.com\/wp-content\/uploads\/2013\/09\/legi11-300x154.jpg\" width=\"300\" height=\"154\" srcset=\"https:\/\/santosvieiralda.com\/wp-content\/uploads\/2013\/09\/legi11-300x154.jpg 300w, https:\/\/santosvieiralda.com\/wp-content\/uploads\/2013\/09\/legi11.jpg 700w\" sizes=\"(max-width: 300px) 100vw, 300px\" \/><\/div><div class=\"aq_span4 clearfix \"><img loading=\"lazy\" class=\"aligncenter size-medium wp-image-5238\" alt=\"legi2\" src=\"http:\/\/santosvieiralda.com\/wp-content\/uploads\/2013\/09\/legi21-300x154.jpg\" width=\"300\" height=\"154\" srcset=\"https:\/\/santosvieiralda.com\/wp-content\/uploads\/2013\/09\/legi21-300x154.jpg 300w, https:\/\/santosvieiralda.com\/wp-content\/uploads\/2013\/09\/legi21.jpg 700w\" sizes=\"(max-width: 300px) 100vw, 300px\" \/><\/div><div class=\"aq_span4 clearfix \"><img loading=\"lazy\" class=\"aligncenter size-medium wp-image-5239\" alt=\"legi3\" src=\"http:\/\/santosvieiralda.com\/wp-content\/uploads\/2013\/09\/legi31-300x154.jpg\" width=\"300\" height=\"154\" srcset=\"https:\/\/santosvieiralda.com\/wp-content\/uploads\/2013\/09\/legi31-300x154.jpg 300w, https:\/\/santosvieiralda.com\/wp-content\/uploads\/2013\/09\/legi31.jpg 700w\" sizes=\"(max-width: 300px) 100vw, 300px\" \/><\/div><\/div>\n<p align=\"justify\"><strong>Decreto-Lei n\u00ba 73\/2011, de 17 de Junho de 2011<\/strong><\/p>\n<p align=\"justify\">Procede \u00e0 terceira altera\u00e7\u00e3o ao Decreto-Lei n.\u00ba 178\/2006, de 5 de Setembro, transp\u00f5e a Directiva n.\u00ba 2008\/98\/CE, do Parlamento Europeu e do Conselho, de 19 de Novembro, relativa aos res\u00edduos, e procede \u00e0 altera\u00e7\u00e3o de diversos regimes jur\u00eddicos na \u00e1rea dos res\u00edduos.<\/p>\n<p align=\"justify\"><strong>Portaria n\u00ba 222\/2011, de 02 de Junho de 2011<\/strong><\/p>\n<p align=\"justify\">Primeira altera\u00e7\u00e3o \u00e0 Portaria n.\u00ba 72\/2010, de 4 de Fevereiro, que estabelece as regras respeitantes \u00e0 liquida\u00e7\u00e3o, pagamento e repercuss\u00e3o da taxa de gest\u00e3o de res\u00edduos.<\/p>\n<p align=\"justify\"><strong>Portaria n\u00ba 1324\/2010, de 29 de Dezembro de 2010<\/strong><\/p>\n<p align=\"justify\">Altera o Regulamento de Aplica\u00e7\u00e3o do Produto da Taxa de Gest\u00e3o de Res\u00edduos, aprovado pela Portaria n.\u00ba1127\/2009, de 1 de Outubro.<\/p>\n<p align=\"justify\"><strong>Portaria n\u00ba 228\/2010, de 22 de Abril de 2010<\/strong><\/p>\n<p align=\"justify\">Estabelece o regime de constitui\u00e7\u00e3o, gest\u00e3o e funcionamento do mercado organizado de res\u00edduos, bem como as regras aplic\u00e1veis \u00e0s transac\u00e7\u00f5es nele realizadas e aos respectivos operadores.<\/p>\n<p align=\"justify\"><strong>Despacho n\u00ba 6844\/2010, de 19 de Abril de 2010<\/strong><\/p>\n<p align=\"justify\">Redu\u00e7\u00e3o do valor da taxa de registo no SIRAPA aos aderentes a uma plataforma de negocia\u00e7\u00e3o autorizada pela Ag\u00eancia Portuguesa do Ambiente.<\/p>\n<p align=\"justify\"><strong>Portaria n\u00ba 72\/2010, de 4 de Fevereiro de 2010<\/strong><\/p>\n<div align=\"justify\">Estabelece as regras respeitantes \u00e0 liquida\u00e7\u00e3o, pagamento e repercuss\u00e3o da taxa de gest\u00e3o de res\u00edduos e revoga a Portaria n.\u00ba 1407\/2006, de 18 de Dezembro.<\/div>\n","protected":false},"excerpt":{"rendered":"<p>Decreto-Lei n\u00ba 73\/2011, de 17 de Junho de 2011 Procede \u00e0 terceira altera\u00e7\u00e3o ao Decreto-Lei n.\u00ba 178\/2006, de 5 de Setembro, transp\u00f5e a Directiva n.\u00ba 2008\/98\/CE, do Parlamento Europeu e do Conselho, de 19 de Novembro, relativa aos res\u00edduos, e procede \u00e0 altera\u00e7\u00e3o de diversos regimes jur\u00eddicos na \u00e1rea dos res\u00edduos. Portaria n\u00ba 222\/2011, de [&hellip;]<\/p>\n","protected":false},"author":1,"featured_media":0,"parent":0,"menu_order":0,"comment_status":"open","ping_status":"open","template":"","meta":[],"_links":{"self":[{"href":"https:\/\/santosvieiralda.com\/index.php?rest_route=\/wp\/v2\/pages\/4623"}],"collection":[{"href":"https:\/\/santosvieiralda.com\/index.php?rest_route=\/wp\/v2\/pages"}],"about":[{"href":"https:\/\/santosvieiralda.com\/index.php?rest_route=\/wp\/v2\/types\/page"}],"author":[{"embeddable":true,"href":"https:\/\/santosvieiralda.com\/index.php?rest_route=\/wp\/v2\/users\/1"}],"replies":[{"embeddable":true,"href":"https:\/\/santosvieiralda.com\/index.php?rest_route=%2Fwp%2Fv2%2Fcomments&post=4623"}],"version-history":[{"count":2,"href":"https:\/\/santosvieiralda.com\/index.php?rest_route=\/wp\/v2\/pages\/4623\/revisions"}],"predecessor-version":[{"id":5303,"href":"https:\/\/santosvieiralda.com\/index.php?rest_route=\/wp\/v2\/pages\/4623\/revisions\/5303"}],"wp:attachment":[{"href":"https:\/\/santosvieiralda.com\/index.php?rest_route=%2Fwp%2Fv2%2Fmedia&parent=4623"}],"curies":[{"name":"wp","href":"https:\/\/api.w.org\/{rel}","templated":true}]}}